{"id":4496,"date":"2025-09-04T16:52:07","date_gmt":"2025-09-04T14:52:07","guid":{"rendered":"https:\/\/coaching-and-coaching.com\/?page_id=4496"},"modified":"2025-11-28T20:54:44","modified_gmt":"2025-11-28T19:54:44","slug":"professional-coach-paris","status":"publish","type":"page","link":"https:\/\/coaching-and-coaching.com\/en\/coach-professionnel-paris\/","title":{"rendered":"Professional coach Paris - Delphine Joubert"},"content":{"rendered":"\t\t<div data-elementor-type=\"wp-page\" data-elementor-id=\"4496\" class=\"elementor elementor-4496\" data-elementor-post-type=\"page\">\n\t\t\t\t<div data-particle_enable=\"false\" data-particle-mobile-disabled=\"false\" class=\"elementor-element elementor-element-9c084d7 e-con-full e-flex e-con e-parent\" data-id=\"9c084d7\" data-element_type=\"container\" data-e-type=\"container\" data-settings=\"{&quot;background_background&quot;:&quot;classic&quot;}\">\n\t\t<div data-particle_enable=\"false\" data-particle-mobile-disabled=\"false\" class=\"elementor-element elementor-element-c7f473b e-con-full e-flex e-con e-child\" data-id=\"c7f473b\" data-element_type=\"container\" data-e-type=\"container\">\n\t\t\t\t<\/div>\n\t\t<div data-particle_enable=\"false\" data-particle-mobile-disabled=\"false\" class=\"elementor-element elementor-element-1ebf0f1 e-con-full e-flex e-con e-child\" data-id=\"1ebf0f1\" data-element_type=\"container\" data-e-type=\"container\">\n\t\t<div data-particle_enable=\"false\" data-particle-mobile-disabled=\"false\" class=\"elementor-element elementor-element-7ae09cc e-flex e-con-boxed e-con e-child\" data-id=\"7ae09cc\" data-element_type=\"container\" data-e-type=\"container\">\n\t\t\t\t\t<div class=\"e-con-inner\">\n\t\t\t\t<div class=\"elementor-element elementor-element-39309bc elementor-widget__width-initial elementor-view-default elementor-widget elementor-widget-icon\" data-id=\"39309bc\" data-element_type=\"widget\" data-e-type=\"widget\" data-widget_type=\"icon.default\">\n\t\t\t\t<div class=\"elementor-widget-container\">\n\t\t\t\t\t\t\t<div class=\"elementor-icon-wrapper\">\n\t\t\t<div class=\"elementor-icon\">\n\t\t\t<i aria-hidden=\"true\" class=\"fas fa-square\"><\/i>\t\t\t<\/div>\n\t\t<\/div>\n\t\t\t\t\t\t<\/div>\n\t\t\t\t<\/div>\n\t\t\t\t<div class=\"elementor-element elementor-element-b0719c5 elementor-widget__width-initial elementor-widget elementor-widget-heading\" data-id=\"b0719c5\" data-element_type=\"widget\" data-e-type=\"widget\" data-widget_type=\"heading.default\">\n\t\t\t\t<div class=\"elementor-widget-container\">\n\t\t\t\t\t<h1 class=\"elementor-heading-title elementor-size-default\">Coach professionnel Paris &#8211; Delphine Joubert<\/h1>\t\t\t\t<\/div>\n\t\t\t\t<\/div>\n\t\t\t\t\t<\/div>\n\t\t\t\t<\/div>\n\t\t\t\t<div class=\"elementor-element elementor-element-4641aad elementor-widget elementor-widget-text-editor\" data-id=\"4641aad\" data-element_type=\"widget\" data-e-type=\"widget\" data-widget_type=\"text-editor.default\">\n\t\t\t\t<div class=\"elementor-widget-container\">\n\t\t\t\t\t\t\t\t\t<h2>Transformez vos d\u00e9fis professionnels parisiens en opportunit\u00e9s de d\u00e9veloppement.<\/h2><p>\u00a0<\/p><p>Coaching individuel et d&rsquo;\u00e9quipe pour cadres et dirigeants \u2022 Certifi\u00e9e RNCP &amp; ICF<\/p>\t\t\t\t\t\t\t\t<\/div>\n\t\t\t\t<\/div>\n\t\t\t\t<div class=\"elementor-element elementor-element-7a92daf elementor-align-center elementor-widget elementor-widget-button\" data-id=\"7a92daf\" data-element_type=\"widget\" data-e-type=\"widget\" data-widget_type=\"button.default\">\n\t\t\t\t<div class=\"elementor-widget-container\">\n\t\t\t\t\t\t\t\t\t<div class=\"elementor-button-wrapper\">\n\t\t\t\t\t<a class=\"elementor-button elementor-button-link elementor-size-sm\" href=\"https:\/\/coaching-and-coaching.com\/en\/contact-coaching-and-coaching\/\">\n\t\t\t\t\t\t<span class=\"elementor-button-content-wrapper\">\n\t\t\t\t\t\t\t\t\t<span class=\"elementor-button-text\">Premier \u00e9change offert<\/span>\n\t\t\t\t\t<\/span>\n\t\t\t\t\t<\/a>\n\t\t\t\t<\/div>\n\t\t\t\t\t\t\t\t<\/div>\n\t\t\t\t<\/div>\n\t\t\t\t<\/div>\n\t\t\t\t<\/div>\n\t\t<div data-particle_enable=\"false\" data-particle-mobile-disabled=\"false\" class=\"elementor-element elementor-element-3caa269 e-flex e-con-boxed e-con e-parent\" data-id=\"3caa269\" data-element_type=\"container\" data-e-type=\"container\" data-settings=\"{&quot;background_background&quot;:&quot;classic&quot;}\">\n\t\t\t\t\t<div class=\"e-con-inner\">\n\t\t<div data-particle_enable=\"false\" data-particle-mobile-disabled=\"false\" class=\"elementor-element elementor-element-a82b2c6 e-con-full e-flex e-con e-child\" data-id=\"a82b2c6\" data-element_type=\"container\" data-e-type=\"container\" data-settings=\"{&quot;background_background&quot;:&quot;classic&quot;}\">\n\t\t\t\t<div class=\"elementor-element elementor-element-1defa14 elementor-widget elementor-widget-heading\" data-id=\"1defa14\" data-element_type=\"widget\" data-e-type=\"widget\" data-widget_type=\"heading.default\">\n\t\t\t\t<div class=\"elementor-widget-container\">\n\t\t\t\t\t<h2 class=\"elementor-heading-title elementor-size-default\">Les d\u00e9fis sp\u00e9cifiques des cadres parisiens<\/h2>\t\t\t\t<\/div>\n\t\t\t\t<\/div>\n\t\t\t\t<div class=\"elementor-element elementor-element-40260a2 elementor-widget elementor-widget-heading\" data-id=\"40260a2\" data-element_type=\"widget\" data-e-type=\"widget\" data-widget_type=\"heading.default\">\n\t\t\t\t<div class=\"elementor-widget-container\">\n\t\t\t\t\t<span class=\"elementor-heading-title elementor-size-default\">Exercer des responsabilit\u00e9s \u00e0 Paris pr\u00e9sente des enjeux uniques qui n\u00e9cessitent un accompagnement adapt\u00e9.<\/span>\t\t\t\t<\/div>\n\t\t\t\t<\/div>\n\t\t<div data-particle_enable=\"false\" data-particle-mobile-disabled=\"false\" class=\"elementor-element elementor-element-af1a208 e-grid e-con-full e-con e-child\" data-id=\"af1a208\" data-element_type=\"container\" data-e-type=\"container\">\n\t\t\t\t<div class=\"elementor-element elementor-element-b36683a elementor-widget__width-initial elementor-widget elementor-widget-text-editor\" data-id=\"b36683a\" data-element_type=\"widget\" data-e-type=\"widget\" data-widget_type=\"text-editor.default\">\n\t\t\t\t<div class=\"elementor-widget-container\">\n\t\t\t\t\t\t\t\t\t<h3>Environnement ultra-comp\u00e9titif<\/h3><p>La densit\u00e9 du tissu \u00e9conomique parisien g\u00e9n\u00e8re une pression concurrentielle intense. Entre startups innovantes du 2\u00e8me arrondissement et grands groupes de La D\u00e9fense, les cadres et les cadres dirigeants doivent constamment prouver leur valeur ajout\u00e9e et se diff\u00e9rencier dans un \u00e9cosyst\u00e8me en perp\u00e9tuel mouvement.<\/p>\t\t\t\t\t\t\t\t<\/div>\n\t\t\t\t<\/div>\n\t\t\t\t<div class=\"elementor-element elementor-element-37c65be elementor-widget__width-initial elementor-widget elementor-widget-text-editor\" data-id=\"37c65be\" data-element_type=\"widget\" data-e-type=\"widget\" data-widget_type=\"text-editor.default\">\n\t\t\t\t<div class=\"elementor-widget-container\">\n\t\t\t\t\t\t\t\t\t<h3>Rythme effr\u00e9n\u00e9<\/h3><p>Le tempo parisien impose des prises de d\u00e9cision rapides, des journ\u00e9es marathon entre r\u00e9unions strat\u00e9giques et des trajets optimis\u00e9s dans les transports. Cette intensit\u00e9 permanente peut cr\u00e9er des tensions et des questionnements sur l&rsquo;\u00e9quilibre vie professionnelle\/personnelle.<\/p>\t\t\t\t\t\t\t\t<\/div>\n\t\t\t\t<\/div>\n\t\t\t\t<div class=\"elementor-element elementor-element-9c4c5b6 elementor-widget__width-initial elementor-widget elementor-widget-text-editor\" data-id=\"9c4c5b6\" data-element_type=\"widget\" data-e-type=\"widget\" data-widget_type=\"text-editor.default\">\n\t\t\t\t<div class=\"elementor-widget-container\">\n\t\t\t\t\t\t\t\t\t<h3>Transitions fr\u00e9quentes<\/h3><p>Fusions, acquisitions, r\u00e9organisations, d\u00e9m\u00e9nagements de si\u00e8ge social&#8230; Les entreprises parisiennes \u00e9voluent \u00e0 un rythme soutenu, cr\u00e9ant des besoins d&rsquo;adaptation permanents pour les \u00e9quipes dirigeantes et les managers \u00e0 tous niveaux.<\/p>\t\t\t\t\t\t\t\t<\/div>\n\t\t\t\t<\/div>\n\t\t\t\t<div class=\"elementor-element elementor-element-9d0df45 elementor-widget__width-initial elementor-widget elementor-widget-text-editor\" data-id=\"9d0df45\" data-element_type=\"widget\" data-e-type=\"widget\" data-widget_type=\"text-editor.default\">\n\t\t\t\t<div class=\"elementor-widget-container\">\n\t\t\t\t\t\t\t\t\t<h3>Diversit\u00e9 multiculturelle<\/h3><p>Manager des \u00e9quipes aux profils vari\u00e9s, naviguer entre diff\u00e9rentes cultures d&rsquo;entreprise, s&rsquo;adapter aux codes parisiens du business et aux attentes internationales&#8230; autant de d\u00e9fis manag\u00e9riaux sp\u00e9cifiques \u00e0 la capitale \u00e9conomique fran\u00e7aise.<\/p>\t\t\t\t\t\t\t\t<\/div>\n\t\t\t\t<\/div>\n\t\t\t\t<\/div>\n\t\t\t\t<div class=\"elementor-element elementor-element-d7b1ea5 elementor-widget__width-initial elementor-widget-divider--view-line elementor-widget elementor-widget-divider\" data-id=\"d7b1ea5\" data-element_type=\"widget\" data-e-type=\"widget\" data-widget_type=\"divider.default\">\n\t\t\t\t<div class=\"elementor-widget-container\">\n\t\t\t\t\t\t\t<div class=\"elementor-divider\">\n\t\t\t<span class=\"elementor-divider-separator\">\n\t\t\t\t\t\t<\/span>\n\t\t<\/div>\n\t\t\t\t\t\t<\/div>\n\t\t\t\t<\/div>\n\t\t\t\t<div class=\"elementor-element elementor-element-ea7244c elementor-widget elementor-widget-heading\" data-id=\"ea7244c\" data-element_type=\"widget\" data-e-type=\"widget\" data-widget_type=\"heading.default\">\n\t\t\t\t<div class=\"elementor-widget-container\">\n\t\t\t\t\t<h3 class=\"elementor-heading-title elementor-size-default\">March\u00e9 de l'emploi cadre sous tension : l'accompagnement comme nouveau diff\u00e9renciateur<\/h3>\t\t\t\t<\/div>\n\t\t\t\t<\/div>\n\t\t<div data-particle_enable=\"false\" data-particle-mobile-disabled=\"false\" class=\"elementor-element elementor-element-e2e89ec e-flex e-con-boxed e-con e-child\" data-id=\"e2e89ec\" data-element_type=\"container\" data-e-type=\"container\">\n\t\t\t\t\t<div class=\"e-con-inner\">\n\t\t<div data-particle_enable=\"false\" data-particle-mobile-disabled=\"false\" class=\"elementor-element elementor-element-0715fcc e-flex e-con-boxed e-con e-child\" data-id=\"0715fcc\" data-element_type=\"container\" data-e-type=\"container\" data-settings=\"{&quot;background_background&quot;:&quot;classic&quot;}\">\n\t\t\t\t\t<div class=\"e-con-inner\">\n\t\t\t\t<div class=\"elementor-element elementor-element-5778b2d elementor-widget elementor-widget-heading\" data-id=\"5778b2d\" data-element_type=\"widget\" data-e-type=\"widget\" data-widget_type=\"heading.default\">\n\t\t\t\t<div class=\"elementor-widget-container\">\n\t\t\t\t\t<div class=\"elementor-heading-title elementor-size-default\">-8%<\/div>\t\t\t\t<\/div>\n\t\t\t\t<\/div>\n\t\t\t\t<div class=\"elementor-element elementor-element-0387253 elementor-widget elementor-widget-text-editor\" data-id=\"0387253\" data-element_type=\"widget\" data-e-type=\"widget\" data-widget_type=\"text-editor.default\">\n\t\t\t\t<div class=\"elementor-widget-container\">\n\t\t\t\t\t\t\t\t\t<p><strong>de recrutements de cadres en \u00cele-de-France<\/strong><br \/>Le r\u00e9veil est brutal apr\u00e8s une d\u00e9cennie d&rsquo;euphorie. Pour la premi\u00e8re fois depuis 2000, l&#8217;emploi cadre francilien recule massivement. De 330 000 recrutements en 2023 \u00e0 303 400 en 2024 : la \u00ab\u00a0f\u00eate est finie\u00a0\u00bb et 2025 &#8211; 2026 s&rsquo;annoncent encore plus difficile.<\/p>\t\t\t\t\t\t\t\t<\/div>\n\t\t\t\t<\/div>\n\t\t\t\t<div class=\"elementor-element elementor-element-5ef3156 elementor-widget elementor-widget-heading\" data-id=\"5ef3156\" data-element_type=\"widget\" data-e-type=\"widget\" data-widget_type=\"heading.default\">\n\t\t\t\t<div class=\"elementor-widget-container\">\n\t\t\t\t\t<span class=\"elementor-heading-title elementor-size-default\">(APEC, 2024).<\/span>\t\t\t\t<\/div>\n\t\t\t\t<\/div>\n\t\t\t\t\t<\/div>\n\t\t\t\t<\/div>\n\t\t<div data-particle_enable=\"false\" data-particle-mobile-disabled=\"false\" class=\"elementor-element elementor-element-9036b88 e-flex e-con-boxed e-con e-child\" data-id=\"9036b88\" data-element_type=\"container\" data-e-type=\"container\" data-settings=\"{&quot;background_background&quot;:&quot;classic&quot;}\">\n\t\t\t\t\t<div class=\"e-con-inner\">\n\t\t\t\t<div class=\"elementor-element elementor-element-a6b4d73 elementor-widget elementor-widget-heading\" data-id=\"a6b4d73\" data-element_type=\"widget\" data-e-type=\"widget\" data-widget_type=\"heading.default\">\n\t\t\t\t<div class=\"elementor-widget-container\">\n\t\t\t\t\t<div class=\"elementor-heading-title elementor-size-default\">1,5M<\/div>\t\t\t\t<\/div>\n\t\t\t\t<\/div>\n\t\t\t\t<div class=\"elementor-element elementor-element-87ea0b6 elementor-widget elementor-widget-text-editor\" data-id=\"87ea0b6\" data-element_type=\"widget\" data-e-type=\"widget\" data-widget_type=\"text-editor.default\">\n\t\t\t\t<div class=\"elementor-widget-container\">\n\t\t\t\t\t\t\t\t\t<p><strong>de cadres en \u00cele-de-France, soit la moiti\u00e9 des cadres fran\u00e7ais<\/strong><br \/>Une concentration unique au monde qui fait de la r\u00e9gion le moteur national de l&#8217;emploi cadre. Pourtant, malgr\u00e9 ce r\u00e9servoir de cadres exceptionnel, 54% des entreprises franciliennes peinent encore \u00e0 recruter.<\/p>\t\t\t\t\t\t\t\t<\/div>\n\t\t\t\t<\/div>\n\t\t\t\t<div class=\"elementor-element elementor-element-7292aea elementor-widget elementor-widget-heading\" data-id=\"7292aea\" data-element_type=\"widget\" data-e-type=\"widget\" data-widget_type=\"heading.default\">\n\t\t\t\t<div class=\"elementor-widget-container\">\n\t\t\t\t\t<span class=\"elementor-heading-title elementor-size-default\">(INSEE, 2024).<\/span>\t\t\t\t<\/div>\n\t\t\t\t<\/div>\n\t\t\t\t\t<\/div>\n\t\t\t\t<\/div>\n\t\t<div data-particle_enable=\"false\" data-particle-mobile-disabled=\"false\" class=\"elementor-element elementor-element-06f8111 e-flex e-con-boxed e-con e-child\" data-id=\"06f8111\" data-element_type=\"container\" data-e-type=\"container\" data-settings=\"{&quot;background_background&quot;:&quot;classic&quot;}\">\n\t\t\t\t\t<div class=\"e-con-inner\">\n\t\t\t\t<div class=\"elementor-element elementor-element-af2314a elementor-widget elementor-widget-heading\" data-id=\"af2314a\" data-element_type=\"widget\" data-e-type=\"widget\" data-widget_type=\"heading.default\">\n\t\t\t\t<div class=\"elementor-widget-container\">\n\t\t\t\t\t<div class=\"elementor-heading-title elementor-size-default\">37%<\/div>\t\t\t\t<\/div>\n\t\t\t\t<\/div>\n\t\t\t\t<div class=\"elementor-element elementor-element-f8026ca elementor-widget elementor-widget-text-editor\" data-id=\"f8026ca\" data-element_type=\"widget\" data-e-type=\"widget\" data-widget_type=\"text-editor.default\">\n\t\t\t\t<div class=\"elementor-widget-container\">\n\t\t\t\t\t\t\t\t\t<p class=\"p1\"><b>de ruptures pr\u00e9coces chez les grandes entreprises franciliennes<\/b><\/p><p>Depuis 2019, les structures de plus de 50 salari\u00e9s connaissent une hausse marqu\u00e9e des fins de p\u00e9riode d\u2019essai. Dans l\u2019industrie, cette progression atteint m\u00eame +41%. Un signal fort sur les limites de l\u2019onboarding, y compris dans les organisations les mieux structur\u00e9es.<\/p>\t\t\t\t\t\t\t\t<\/div>\n\t\t\t\t<\/div>\n\t\t\t\t<div class=\"elementor-element elementor-element-1ea1fc9 elementor-widget elementor-widget-heading\" data-id=\"1ea1fc9\" data-element_type=\"widget\" data-e-type=\"widget\" data-widget_type=\"heading.default\">\n\t\t\t\t<div class=\"elementor-widget-container\">\n\t\t\t\t\t<span class=\"elementor-heading-title elementor-size-default\">(Source : DARES, 2023).<\/span>\t\t\t\t<\/div>\n\t\t\t\t<\/div>\n\t\t\t\t\t<\/div>\n\t\t\t\t<\/div>\n\t\t\t\t\t<\/div>\n\t\t\t\t<\/div>\n\t\t\t\t<div class=\"elementor-element elementor-element-85ae2d5 elementor-align-center elementor-widget elementor-widget-button\" data-id=\"85ae2d5\" data-element_type=\"widget\" data-e-type=\"widget\" data-widget_type=\"button.default\">\n\t\t\t\t<div class=\"elementor-widget-container\">\n\t\t\t\t\t\t\t\t\t<div class=\"elementor-button-wrapper\">\n\t\t\t\t\t<a class=\"elementor-button elementor-button-link elementor-size-sm\" href=\"https:\/\/coaching-and-coaching.com\/en\/contact-coaching-and-coaching\/\">\n\t\t\t\t\t\t<span class=\"elementor-button-content-wrapper\">\n\t\t\t\t\t\t\t\t\t<span class=\"elementor-button-text\">Echanger sur votre projet<\/span>\n\t\t\t\t\t<\/span>\n\t\t\t\t\t<\/a>\n\t\t\t\t<\/div>\n\t\t\t\t\t\t\t\t<\/div>\n\t\t\t\t<\/div>\n\t\t\t\t<\/div>\n\t\t\t\t\t<\/div>\n\t\t\t\t<\/div>\n\t\t<div data-particle_enable=\"false\" data-particle-mobile-disabled=\"false\" class=\"elementor-element elementor-element-4ac8314 e-con-full e-flex e-con e-parent\" data-id=\"4ac8314\" data-element_type=\"container\" data-e-type=\"container\" data-settings=\"{&quot;background_background&quot;:&quot;classic&quot;}\">\n\t\t<div data-particle_enable=\"false\" data-particle-mobile-disabled=\"false\" class=\"elementor-element elementor-element-02c3ce0 e-con-full e-flex e-con e-child\" data-id=\"02c3ce0\" data-element_type=\"container\" data-e-type=\"container\" data-settings=\"{&quot;background_background&quot;:&quot;classic&quot;}\">\n\t\t\t\t<div class=\"elementor-element elementor-element-7311a6d elementor-align-center elementor-widget__width-auto elementor-widget elementor-widget-button\" data-id=\"7311a6d\" data-element_type=\"widget\" data-e-type=\"widget\" data-widget_type=\"button.default\">\n\t\t\t\t<div class=\"elementor-widget-container\">\n\t\t\t\t\t\t\t\t\t<div class=\"elementor-button-wrapper\">\n\t\t\t\t\t<a class=\"elementor-button elementor-button-link elementor-size-sm\" href=\"https:\/\/coaching-and-coaching.com\/en\/contact-coaching-and-coaching\/\">\n\t\t\t\t\t\t<span class=\"elementor-button-content-wrapper\">\n\t\t\t\t\t\t\t\t\t<span class=\"elementor-button-text\">Prendre rdv<\/span>\n\t\t\t\t\t<\/span>\n\t\t\t\t\t<\/a>\n\t\t\t\t<\/div>\n\t\t\t\t\t\t\t\t<\/div>\n\t\t\t\t<\/div>\n\t\t\t\t<\/div>\n\t\t<div data-particle_enable=\"false\" data-particle-mobile-disabled=\"false\" class=\"elementor-element elementor-element-a3f7e93 e-con-full e-flex e-con e-child\" data-id=\"a3f7e93\" data-element_type=\"container\" data-e-type=\"container\">\n\t\t<div data-particle_enable=\"false\" data-particle-mobile-disabled=\"false\" class=\"elementor-element elementor-element-320c834 e-flex e-con-boxed e-con e-child\" data-id=\"320c834\" data-element_type=\"container\" data-e-type=\"container\">\n\t\t\t\t\t<div class=\"e-con-inner\">\n\t\t\t\t<div class=\"elementor-element elementor-element-eb2b2f1 elementor-widget__width-initial elementor-widget-divider--view-line elementor-widget elementor-widget-divider\" data-id=\"eb2b2f1\" data-element_type=\"widget\" data-e-type=\"widget\" data-widget_type=\"divider.default\">\n\t\t\t\t<div class=\"elementor-widget-container\">\n\t\t\t\t\t\t\t<div class=\"elementor-divider\">\n\t\t\t<span class=\"elementor-divider-separator\">\n\t\t\t\t\t\t<\/span>\n\t\t<\/div>\n\t\t\t\t\t\t<\/div>\n\t\t\t\t<\/div>\n\t\t<div data-particle_enable=\"false\" data-particle-mobile-disabled=\"false\" class=\"elementor-element elementor-element-5fba15c e-flex e-con-boxed e-con e-child\" data-id=\"5fba15c\" data-element_type=\"container\" data-e-type=\"container\">\n\t\t\t\t\t<div class=\"e-con-inner\">\n\t\t\t\t<div class=\"elementor-element elementor-element-cf41b4a elementor-widget__width-initial elementor-widget elementor-widget-image\" data-id=\"cf41b4a\" data-element_type=\"widget\" data-e-type=\"widget\" data-widget_type=\"image.default\">\n\t\t\t\t<div class=\"elementor-widget-container\">\n\t\t\t\t\t\t\t\t\t\t\t\t\t\t\t<img decoding=\"async\" width=\"150\" height=\"150\" src=\"https:\/\/coaching-and-coaching.com\/wp-content\/uploads\/2023\/05\/calendrier.svg\" class=\"attachment-thumbnail size-thumbnail wp-image-592\" alt=\"\" \/>\t\t\t\t\t\t\t\t\t\t\t\t\t\t\t<\/div>\n\t\t\t\t<\/div>\n\t\t\t\t<div class=\"elementor-element elementor-element-4c33cfb elementor-widget__width-initial elementor-widget elementor-widget-heading\" data-id=\"4c33cfb\" data-element_type=\"widget\" data-e-type=\"widget\" data-widget_type=\"heading.default\">\n\t\t\t\t<div class=\"elementor-widget-container\">\n\t\t\t\t\t<h2 class=\"elementor-heading-title elementor-size-default\">Delphine Joubert, partenaire de votre r\u00e9ussite<\/h2>\t\t\t\t<\/div>\n\t\t\t\t<\/div>\n\t\t\t\t\t<\/div>\n\t\t\t\t<\/div>\n\t\t\t\t\t<\/div>\n\t\t\t\t<\/div>\n\t\t\t\t<div class=\"elementor-element elementor-element-80ed2ec elementor-widget__width-initial elementor-widget elementor-widget-text-editor\" data-id=\"80ed2ec\" data-element_type=\"widget\" data-e-type=\"widget\" data-widget_type=\"text-editor.default\">\n\t\t\t\t<div class=\"elementor-widget-container\">\n\t\t\t\t\t\t\t\t\t<h3>Une expertise reconnue nationalement et internationalement<\/h3><p><b>Certifications RNCP et ICF<\/b> : Mon expertise est reconnue <b>en France avec la certification RNCP<\/b> (R\u00e9pertoire national des certifications professionnelles) et <b>\u00e0 l&rsquo;international avec la certification ICF<\/b> (<a href=\"https:\/\/coaching-and-coaching.com\/en\/coaching-international\/\">International<\/a> Coaching Federation). Ces deux accr\u00e9ditations garantissent la qualit\u00e9 et l&rsquo;\u00e9thique de mon accompagnement.<\/p><p><b>Formation approfondie<\/b> : J&rsquo;ai suivi deux formations au coaching individuel et d&rsquo;\u00e9quipe, d&rsquo;une dur\u00e9e totale d&rsquo;environ 250 heures, et je continue chaque ann\u00e9e \u00e0 d\u00e9dier du temps pour d\u00e9velopper ma pratique et ma posture de coach.<\/p><p><b>Supervision continue<\/b> : Depuis le lancement de mon activit\u00e9, j&rsquo;ai choisi d&rsquo;\u00eatre supervis\u00e9e par un bin\u00f4me de coachs psychosociologues au cours de sept journ\u00e9es de supervision collective par an. Cette d\u00e9marche garantit la qualit\u00e9 constante de mes interventions.<\/p><p><b>Confidentialit\u00e9 absolue <\/b>: Vos \u00e9changes se d\u00e9roulent dans un cadre totalement s\u00e9curis\u00e9, essentiel pour aborder vos r\u00e9flexions strat\u00e9giques et vos enjeux sensibles.<\/p><p><b>R\u00e9sultats mesurables<\/b> : Nous d\u00e9finissons ensemble des objectifs clairs et un suivi personnalis\u00e9 pour mesurer concr\u00e8tement vos avanc\u00e9es et le chemin parcouru.<\/p><h3>Une approche pragmatique adapt\u00e9e \u00e0 Paris<\/h3><p><b>Connaissance du march\u00e9 parisien<\/b> : Mon exp\u00e9rience pass\u00e9e en tant que cadre dans des entreprises \u00e0 Paris et ma pratique quotidienne me permettent de bien conna\u00eetre les sp\u00e9cificit\u00e9s du monde professionnel parisien, ses codes et ses enjeux.<\/p><p><b>Flexibilit\u00e9 g\u00e9ographique<\/b> : Je me d\u00e9place dans vos entreprises partout \u00e0 Paris et en \u00cele-de-France, ou vous re\u00e7ois dans mon bureau parisien (Paris 15\u00e8me) selon vos pr\u00e9f\u00e9rences.<\/p><p><b>Adaptation \u00e0 vos contraintes<\/b> : Horaires extensibles, rythme intense, modalit\u00e9s hybrides en personne et en visio sur-mesure&#8230; Mon approche s&rsquo;adapte aux r\u00e9alit\u00e9s du monde professionnel parisien.<\/p>\t\t\t\t\t\t\t\t<\/div>\n\t\t\t\t<\/div>\n\t\t\t\t<\/div>\n\t\t\t\t<\/div>\n\t\t<div data-particle_enable=\"false\" data-particle-mobile-disabled=\"false\" class=\"elementor-element elementor-element-4983dd0 e-con-full e-flex e-con e-parent\" data-id=\"4983dd0\" data-element_type=\"container\" data-e-type=\"container\">\n\t\t\t\t<div class=\"elementor-element elementor-element-470fd06 elementor-widget elementor-widget-heading\" data-id=\"470fd06\" data-element_type=\"widget\" data-e-type=\"widget\" data-widget_type=\"heading.default\">\n\t\t\t\t<div class=\"elementor-widget-container\">\n\t\t\t\t\t<h2 class=\"elementor-heading-title elementor-size-default\">Mon accompagnement coach professionnel \u00e0 Paris<\/h2>\t\t\t\t<\/div>\n\t\t\t\t<\/div>\n\t\t\t\t<div class=\"elementor-element elementor-element-677e7ae elementor-widget elementor-widget-heading\" data-id=\"677e7ae\" data-element_type=\"widget\" data-e-type=\"widget\" data-widget_type=\"heading.default\">\n\t\t\t\t<div class=\"elementor-widget-container\">\n\t\t\t\t\t<span class=\"elementor-heading-title elementor-size-default\">Des solutions adapt\u00e9es \u00e0 vos besoins professionnels<\/span>\t\t\t\t<\/div>\n\t\t\t\t<\/div>\n\t\t<div data-particle_enable=\"false\" data-particle-mobile-disabled=\"false\" class=\"elementor-element elementor-element-4515e96 e-con-full e-flex e-con e-child\" data-id=\"4515e96\" data-element_type=\"container\" data-e-type=\"container\">\n\t\t<div data-particle_enable=\"false\" data-particle-mobile-disabled=\"false\" class=\"elementor-element elementor-element-ba218e8 e-con-full e-flex e-con e-child\" data-id=\"ba218e8\" data-element_type=\"container\" data-e-type=\"container\" data-settings=\"{&quot;background_background&quot;:&quot;classic&quot;}\">\n\t\t\t\t<div class=\"elementor-element elementor-element-9238413 elementor-widget elementor-widget-heading\" data-id=\"9238413\" data-element_type=\"widget\" data-e-type=\"widget\" data-widget_type=\"heading.default\">\n\t\t\t\t<div class=\"elementor-widget-container\">\n\t\t\t\t\t<h3 class=\"elementor-heading-title elementor-size-default\">Pour les entreprises parisiennes<\/h3>\t\t\t\t<\/div>\n\t\t\t\t<\/div>\n\t\t\t\t<div class=\"elementor-element elementor-element-c7e7e9b elementor-widget__width-initial elementor-widget elementor-widget-heading\" data-id=\"c7e7e9b\" data-element_type=\"widget\" data-e-type=\"widget\" data-widget_type=\"heading.default\">\n\t\t\t\t<div class=\"elementor-widget-container\">\n\t\t\t\t\t<h4 class=\"elementor-heading-title elementor-size-default\">Coaching de prise de poste et pr\u00e9vention de l'\u00e9chec d'int\u00e9gration<\/h4>\t\t\t\t<\/div>\n\t\t\t\t<\/div>\n\t\t\t\t<div class=\"elementor-element elementor-element-50545f2 elementor-widget__width-initial elementor-widget elementor-widget-text-editor\" data-id=\"50545f2\" data-element_type=\"widget\" data-e-type=\"widget\" data-widget_type=\"text-editor.default\">\n\t\t\t\t<div class=\"elementor-widget-container\">\n\t\t\t\t\t\t\t\t\t<p>Accompagnement intensif des cadres et cadres dirigeants pour ma\u00eetriser les premiers mois critiques. Face \u00e0 +37% de fins de p\u00e9riode d&rsquo;essai dans les grandes entreprises parisiennes, cette approche sur-mesure s\u00e9curise vos recrutements strat\u00e9giques.<\/p>\t\t\t\t\t\t\t\t<\/div>\n\t\t\t\t<\/div>\n\t\t\t\t<div class=\"elementor-element elementor-element-8b0a1fb elementor-widget__width-initial elementor-widget elementor-widget-heading\" data-id=\"8b0a1fb\" data-element_type=\"widget\" data-e-type=\"widget\" data-widget_type=\"heading.default\">\n\t\t\t\t<div class=\"elementor-widget-container\">\n\t\t\t\t\t<h4 class=\"elementor-heading-title elementor-size-default\">Accompagnement des transformations manag\u00e9riales<\/h4>\t\t\t\t<\/div>\n\t\t\t\t<\/div>\n\t\t\t\t<div class=\"elementor-element elementor-element-8d4b0da elementor-widget__width-initial elementor-widget elementor-widget-text-editor\" data-id=\"8d4b0da\" data-element_type=\"widget\" data-e-type=\"widget\" data-widget_type=\"text-editor.default\">\n\t\t\t\t<div class=\"elementor-widget-container\">\n\t\t\t\t\t\t\t\t\t<p>Soutien individualis\u00e9 lors de fusions, r\u00e9organisations ou pivots num\u00e9riques pour maintenir l&rsquo;engagement de chacun et des \u00e9quipes. J&rsquo;accompagne les managers et les managers de managers dans la bonne ma\u00eetrise des nouveaux savoir-\u00eatre et comp\u00e9tences relationnelles indispensables dans une \u00e9conomie globalis\u00e9e et avec une place grandissante de l&rsquo;IA. A noter, Barom\u00e8tre 2025 Unow et synth\u00e8se Neobrain : plus de 70% des DRH franciliens identifient les comp\u00e9tences comportementales et relationnelles comme prioritaires \u00e0 l\u2019heure de l\u2019IA et de la digitalisation accrue des organisations<\/p>\t\t\t\t\t\t\t\t<\/div>\n\t\t\t\t<\/div>\n\t\t\t\t<div class=\"elementor-element elementor-element-7637df0 elementor-widget__width-initial elementor-widget elementor-widget-heading\" data-id=\"7637df0\" data-element_type=\"widget\" data-e-type=\"widget\" data-widget_type=\"heading.default\">\n\t\t\t\t<div class=\"elementor-widget-container\">\n\t\t\t\t\t<h4 class=\"elementor-heading-title elementor-size-default\">Coaching d'\u00e9quipe haute efficacit\u00e9<\/h4>\t\t\t\t<\/div>\n\t\t\t\t<\/div>\n\t\t\t\t<div class=\"elementor-element elementor-element-898065e elementor-widget__width-initial elementor-widget elementor-widget-text-editor\" data-id=\"898065e\" data-element_type=\"widget\" data-e-type=\"widget\" data-widget_type=\"text-editor.default\">\n\t\t\t\t<div class=\"elementor-widget-container\">\n\t\t\t\t\t\t\t\t\t<p>Optimisation de la collaboration et du leadership collectif en tenant compte des sp\u00e9cificit\u00e9s parisiennes : \u00e9quipes hybrides, multiculturelles, objectifs ambitieux et rythme soutenu. Mon intervention se concentre sur la dynamique collective, l&rsquo;am\u00e9lioration des modes de coop\u00e9ration et la transformation des tensions en moteurs d&rsquo;efficacit\u00e9 optimale.<\/p>\t\t\t\t\t\t\t\t<\/div>\n\t\t\t\t<\/div>\n\t\t<div data-particle_enable=\"false\" data-particle-mobile-disabled=\"false\" class=\"elementor-element elementor-element-7cb762c e-con-full e-flex e-con e-child\" data-id=\"7cb762c\" data-element_type=\"container\" data-e-type=\"container\">\n\t\t\t\t<div class=\"elementor-element elementor-element-ce2c789 elementor-widget elementor-widget-heading\" data-id=\"ce2c789\" data-element_type=\"widget\" data-e-type=\"widget\" data-widget_type=\"heading.default\">\n\t\t\t\t<div class=\"elementor-widget-container\">\n\t\t\t\t\t<h3 class=\"elementor-heading-title elementor-size-default\">Avantages pour votre entreprise<\/h3>\t\t\t\t<\/div>\n\t\t\t\t<\/div>\n\t\t\t\t<div class=\"elementor-element elementor-element-0794739 elementor-widget__width-initial elementor-icon-list--layout-traditional elementor-list-item-link-full_width elementor-widget elementor-widget-icon-list\" data-id=\"0794739\" data-element_type=\"widget\" data-e-type=\"widget\" data-widget_type=\"icon-list.default\">\n\t\t\t\t<div class=\"elementor-widget-container\">\n\t\t\t\t\t\t\t<ul class=\"elementor-icon-list-items\">\n\t\t\t\t\t\t\t<li class=\"elementor-icon-list-item\">\n\t\t\t\t\t\t\t\t\t\t\t<span class=\"elementor-icon-list-icon\">\n\t\t\t\t\t\t\t<i aria-hidden=\"true\" class=\"fas fa-check\"><\/i>\t\t\t\t\t\t<\/span>\n\t\t\t\t\t\t\t\t\t\t<span class=\"elementor-icon-list-text\">S\u00e9curiser vos investissements recrutement en r\u00e9duisant drastiquement l'\u00e9chec d'int\u00e9gration<\/span>\n\t\t\t\t\t\t\t\t\t<\/li>\n\t\t\t\t\t\t\t\t<li class=\"elementor-icon-list-item\">\n\t\t\t\t\t\t\t\t\t\t\t<span class=\"elementor-icon-list-icon\">\n\t\t\t\t\t\t\t<i aria-hidden=\"true\" class=\"fas fa-check\"><\/i>\t\t\t\t\t\t<\/span>\n\t\t\t\t\t\t\t\t\t\t<span class=\"elementor-icon-list-text\">Une approche collaborative : Intervention en bin\u00f4me avec les \u00e9quipes RH pour un pilotage partag\u00e9 et des r\u00e9sultats mesurables et tangibles.<\/span>\n\t\t\t\t\t\t\t\t\t<\/li>\n\t\t\t\t\t\t\t\t<li class=\"elementor-icon-list-item\">\n\t\t\t\t\t\t\t\t\t\t\t<span class=\"elementor-icon-list-icon\">\n\t\t\t\t\t\t\t<i aria-hidden=\"true\" class=\"fas fa-check\"><\/i>\t\t\t\t\t\t<\/span>\n\t\t\t\t\t\t\t\t\t\t<span class=\"elementor-icon-list-text\">Prise en charge financi\u00e8re : \u00c9ligible aux financements OPCO et plan de d\u00e9veloppement des comp\u00e9tences.<\/span>\n\t\t\t\t\t\t\t\t\t<\/li>\n\t\t\t\t\t\t<\/ul>\n\t\t\t\t\t\t<\/div>\n\t\t\t\t<\/div>\n\t\t\t\t<\/div>\n\t\t\t\t<\/div>\n\t\t<div data-particle_enable=\"false\" data-particle-mobile-disabled=\"false\" class=\"elementor-element elementor-element-ebf93c6 e-con-full e-flex e-con e-child\" data-id=\"ebf93c6\" data-element_type=\"container\" data-e-type=\"container\" data-settings=\"{&quot;background_background&quot;:&quot;classic&quot;}\">\n\t\t\t\t<div class=\"elementor-element elementor-element-84b61de elementor-widget elementor-widget-heading\" data-id=\"84b61de\" data-element_type=\"widget\" data-e-type=\"widget\" data-widget_type=\"heading.default\">\n\t\t\t\t<div class=\"elementor-widget-container\">\n\t\t\t\t\t<h3 class=\"elementor-heading-title elementor-size-default\">Pour les cadres et cadres dirigeants \u00e0 Paris<\/h3>\t\t\t\t<\/div>\n\t\t\t\t<\/div>\n\t\t\t\t<div class=\"elementor-element elementor-element-53dfd83 elementor-widget__width-initial elementor-widget elementor-widget-heading\" data-id=\"53dfd83\" data-element_type=\"widget\" data-e-type=\"widget\" data-widget_type=\"heading.default\">\n\t\t\t\t<div class=\"elementor-widget-container\">\n\t\t\t\t\t<h4 class=\"elementor-heading-title elementor-size-default\">R\u00e9ussir sa prise de poste et \u00e9viter l'\u00e9chec d'int\u00e9gration<\/h4>\t\t\t\t<\/div>\n\t\t\t\t<\/div>\n\t\t\t\t<div class=\"elementor-element elementor-element-0d5b559 elementor-widget__width-initial elementor-widget elementor-widget-text-editor\" data-id=\"0d5b559\" data-element_type=\"widget\" data-e-type=\"widget\" data-widget_type=\"text-editor.default\">\n\t\t\t\t<div class=\"elementor-widget-container\">\n\t\t\t\t\t\t\t\t\t<p>Ma\u00eetriser les codes et enjeux politiques de votre nouvel environnement parisien. D\u00e9velopper votre strat\u00e9gie d&rsquo;influence pour r\u00e9ussir votre int\u00e9gration pour les premiers mois critiques dans un march\u00e9 o\u00f9 30% des cadres \u00e9chouent parce que la greffe n&rsquo;a pas pris suffisamment rapidement. (Harvard Business Review 2025)<\/p>\t\t\t\t\t\t\t\t<\/div>\n\t\t\t\t<\/div>\n\t\t\t\t<div class=\"elementor-element elementor-element-611024a elementor-widget__width-initial elementor-widget elementor-widget-heading\" data-id=\"611024a\" data-element_type=\"widget\" data-e-type=\"widget\" data-widget_type=\"heading.default\">\n\t\t\t\t<div class=\"elementor-widget-container\">\n\t\t\t\t\t<h4 class=\"elementor-heading-title elementor-size-default\">Piloter sa transformation manag\u00e9riale<\/h4>\t\t\t\t<\/div>\n\t\t\t\t<\/div>\n\t\t\t\t<div class=\"elementor-element elementor-element-f8e70cf elementor-widget__width-initial elementor-widget elementor-widget-text-editor\" data-id=\"f8e70cf\" data-element_type=\"widget\" data-e-type=\"widget\" data-widget_type=\"text-editor.default\">\n\t\t\t\t<div class=\"elementor-widget-container\">\n\t\t\t\t\t\t\t\t\t<p>Bien ma\u00eetriser les nouvelles comp\u00e9tences de leadership hybride et la conduite du changement. S&rsquo;adapter aux mutations du management parisien o\u00f9 74% des cadres RH jugent ces comp\u00e9tences indispensables pour r\u00e9ussir. (Barom\u00e8tre 2025 des comp\u00e9tences des primo-managers \u2013 groupe Cegos, synth\u00e8se Centre Inffo, ao\u00fbt 2025)<\/p>\t\t\t\t\t\t\t\t<\/div>\n\t\t\t\t<\/div>\n\t\t\t\t<div class=\"elementor-element elementor-element-47d85a4 elementor-widget__width-initial elementor-widget elementor-widget-heading\" data-id=\"47d85a4\" data-element_type=\"widget\" data-e-type=\"widget\" data-widget_type=\"heading.default\">\n\t\t\t\t<div class=\"elementor-widget-container\">\n\t\t\t\t\t<h4 class=\"elementor-heading-title elementor-size-default\">N\u00e9gocier sa mobilit\u00e9 en position de force<\/h4>\t\t\t\t<\/div>\n\t\t\t\t<\/div>\n\t\t\t\t<div class=\"elementor-element elementor-element-98593e9 elementor-widget__width-initial elementor-widget elementor-widget-text-editor\" data-id=\"98593e9\" data-element_type=\"widget\" data-e-type=\"widget\" data-widget_type=\"text-editor.default\">\n\t\t\t\t<div class=\"elementor-widget-container\">\n\t\t\t\t\t\t\t\t\t<p>Construire votre strat\u00e9gie de diff\u00e9renciation professionnelle dans un march\u00e9 retourn\u00e9 (-8% de recrutements en 2024). Transformer les tensions sectorielles en opportunit\u00e9s de carri\u00e8re malgr\u00e9 le durcissement des conditions de recrutement.<\/p>\t\t\t\t\t\t\t\t<\/div>\n\t\t\t\t<\/div>\n\t\t<div data-particle_enable=\"false\" data-particle-mobile-disabled=\"false\" class=\"elementor-element elementor-element-4a1182e e-con-full e-flex e-con e-child\" data-id=\"4a1182e\" data-element_type=\"container\" data-e-type=\"container\">\n\t\t\t\t<div class=\"elementor-element elementor-element-f868e29 elementor-widget elementor-widget-heading\" data-id=\"f868e29\" data-element_type=\"widget\" data-e-type=\"widget\" data-widget_type=\"heading.default\">\n\t\t\t\t<div class=\"elementor-widget-container\">\n\t\t\t\t\t<h3 class=\"elementor-heading-title elementor-size-default\">Avantages pour vous<\/h3>\t\t\t\t<\/div>\n\t\t\t\t<\/div>\n\t\t\t\t<div class=\"elementor-element elementor-element-2598f32 elementor-widget__width-initial elementor-icon-list--layout-traditional elementor-list-item-link-full_width elementor-widget elementor-widget-icon-list\" data-id=\"2598f32\" data-element_type=\"widget\" data-e-type=\"widget\" data-widget_type=\"icon-list.default\">\n\t\t\t\t<div class=\"elementor-widget-container\">\n\t\t\t\t\t\t\t<ul class=\"elementor-icon-list-items\">\n\t\t\t\t\t\t\t<li class=\"elementor-icon-list-item\">\n\t\t\t\t\t\t\t\t\t\t\t<span class=\"elementor-icon-list-icon\">\n\t\t\t\t\t\t\t<i aria-hidden=\"true\" class=\"fas fa-check\"><\/i>\t\t\t\t\t\t<\/span>\n\t\t\t\t\t\t\t\t\t\t<span class=\"elementor-icon-list-text\">\u00c9viter l'\u00e9chec des 100 premiers jours <\/span>\n\t\t\t\t\t\t\t\t\t<\/li>\n\t\t\t\t\t\t\t\t<li class=\"elementor-icon-list-item\">\n\t\t\t\t\t\t\t\t\t\t\t<span class=\"elementor-icon-list-icon\">\n\t\t\t\t\t\t\t<i aria-hidden=\"true\" class=\"fas fa-check\"><\/i>\t\t\t\t\t\t<\/span>\n\t\t\t\t\t\t\t\t\t\t<span class=\"elementor-icon-list-text\">D\u00e9velopper votre strat\u00e9gie de diff\u00e9renciation pour n\u00e9gocier en position de force malgr\u00e9 le retournement du march\u00e9<\/span>\n\t\t\t\t\t\t\t\t\t<\/li>\n\t\t\t\t\t\t\t\t<li class=\"elementor-icon-list-item\">\n\t\t\t\t\t\t\t\t\t\t\t<span class=\"elementor-icon-list-icon\">\n\t\t\t\t\t\t\t<i aria-hidden=\"true\" class=\"fas fa-check\"><\/i>\t\t\t\t\t\t<\/span>\n\t\t\t\t\t\t\t\t\t\t<span class=\"elementor-icon-list-text\">Continuer de d\u00e9velopper votre potentiel transformation manag\u00e9rial et de leadership <\/span>\n\t\t\t\t\t\t\t\t\t<\/li>\n\t\t\t\t\t\t<\/ul>\n\t\t\t\t\t\t<\/div>\n\t\t\t\t<\/div>\n\t\t\t\t<\/div>\n\t\t\t\t<\/div>\n\t\t\t\t<\/div>\n\t\t\t\t<\/div>\n\t\t<div data-particle_enable=\"false\" data-particle-mobile-disabled=\"false\" class=\"elementor-element elementor-element-61b249f e-flex e-con-boxed e-con e-parent\" data-id=\"61b249f\" data-element_type=\"container\" data-e-type=\"container\" data-settings=\"{&quot;background_background&quot;:&quot;classic&quot;}\">\n\t\t\t\t\t<div class=\"e-con-inner\">\n\t\t\t\t<div class=\"elementor-element elementor-element-ca4ace8 elementor-widget__width-initial elementor-widget elementor-widget-heading\" data-id=\"ca4ace8\" data-element_type=\"widget\" data-e-type=\"widget\" data-widget_type=\"heading.default\">\n\t\t\t\t<div class=\"elementor-widget-container\">\n\t\t\t\t\t<h2 class=\"elementor-heading-title elementor-size-default\">T\u00e9moignages<\/h2>\t\t\t\t<\/div>\n\t\t\t\t<\/div>\n\t\t\t\t\t<\/div>\n\t\t\t\t<\/div>\n\t\t<div data-particle_enable=\"false\" data-particle-mobile-disabled=\"false\" class=\"elementor-element elementor-element-36b5efc e-flex e-con-boxed e-con e-parent\" data-id=\"36b5efc\" data-element_type=\"container\" data-e-type=\"container\" data-settings=\"{&quot;background_background&quot;:&quot;classic&quot;}\">\n\t\t\t\t\t<div class=\"e-con-inner\">\n\t\t\t\t<div class=\"elementor-element elementor-element-6bc0ba8 elementor-widget elementor-widget-shortcode\" data-id=\"6bc0ba8\" data-element_type=\"widget\" data-e-type=\"widget\" data-widget_type=\"shortcode.default\">\n\t\t\t\t<div class=\"elementor-widget-container\">\n\t\t\t\t\t\t\t<div class=\"elementor-shortcode\"><div data-src=\"https:\/\/cdn.trustindex.io\/loader.js?b9d21e942bd227804f46488d961\"><\/div><\/div>\n\t\t\t\t\t\t<\/div>\n\t\t\t\t<\/div>\n\t\t\t\t\t<\/div>\n\t\t\t\t<\/div>\n\t\t<div data-particle_enable=\"false\" data-particle-mobile-disabled=\"false\" class=\"elementor-element elementor-element-1c574d3 e-con-full e-flex e-con e-parent\" data-id=\"1c574d3\" data-element_type=\"container\" data-e-type=\"container\">\n\t\t<div data-particle_enable=\"false\" data-particle-mobile-disabled=\"false\" class=\"elementor-element elementor-element-d27bfce e-con-full e-flex e-con e-child\" data-id=\"d27bfce\" data-element_type=\"container\" data-e-type=\"container\" data-settings=\"{&quot;background_background&quot;:&quot;classic&quot;}\">\n\t\t<div data-particle_enable=\"false\" data-particle-mobile-disabled=\"false\" class=\"elementor-element elementor-element-cb57d07 e-flex e-con-boxed e-con e-child\" data-id=\"cb57d07\" data-element_type=\"container\" data-e-type=\"container\">\n\t\t\t\t\t<div class=\"e-con-inner\">\n\t\t\t\t<div class=\"elementor-element elementor-element-afc53da elementor-widget elementor-widget-heading\" data-id=\"afc53da\" data-element_type=\"widget\" data-e-type=\"widget\" data-widget_type=\"heading.default\">\n\t\t\t\t<div class=\"elementor-widget-container\">\n\t\t\t\t\t<h2 class=\"elementor-heading-title elementor-size-default\">Comment se d\u00e9roule votre coaching professionnel ?<\/h2>\t\t\t\t<\/div>\n\t\t\t\t<\/div>\n\t\t\t\t<div class=\"elementor-element elementor-element-cef781c elementor-widget elementor-widget-heading\" data-id=\"cef781c\" data-element_type=\"widget\" data-e-type=\"widget\" data-widget_type=\"heading.default\">\n\t\t\t\t<div class=\"elementor-widget-container\">\n\t\t\t\t\t<h3 class=\"elementor-heading-title elementor-size-default\">O\u00f9 nous rencontrons-nous ?<\/h3>\t\t\t\t<\/div>\n\t\t\t\t<\/div>\n\t\t\t\t<div class=\"elementor-element elementor-element-406748e elementor-widget__width-initial elementor-widget-divider--view-line elementor-widget elementor-widget-divider\" data-id=\"406748e\" data-element_type=\"widget\" data-e-type=\"widget\" data-widget_type=\"divider.default\">\n\t\t\t\t<div class=\"elementor-widget-container\">\n\t\t\t\t\t\t\t<div class=\"elementor-divider\">\n\t\t\t<span class=\"elementor-divider-separator\">\n\t\t\t\t\t\t<\/span>\n\t\t<\/div>\n\t\t\t\t\t\t<\/div>\n\t\t\t\t<\/div>\n\t\t\t\t<div class=\"elementor-element elementor-element-d947b01 elementor-widget__width-initial elementor-widget-divider--view-line elementor-widget elementor-widget-divider\" data-id=\"d947b01\" data-element_type=\"widget\" data-e-type=\"widget\" data-widget_type=\"divider.default\">\n\t\t\t\t<div class=\"elementor-widget-container\">\n\t\t\t\t\t\t\t<div class=\"elementor-divider\">\n\t\t\t<span class=\"elementor-divider-separator\">\n\t\t\t\t\t\t<\/span>\n\t\t<\/div>\n\t\t\t\t\t\t<\/div>\n\t\t\t\t<\/div>\n\t\t\t\t<div class=\"elementor-element elementor-element-80cd982 elementor-widget elementor-widget-text-editor\" data-id=\"80cd982\" data-element_type=\"widget\" data-e-type=\"widget\" data-widget_type=\"text-editor.default\">\n\t\t\t\t<div class=\"elementor-widget-container\">\n\t\t\t\t\t\t\t\t\t<p><strong>Dans vos locaux d&rsquo;entreprise :<\/strong> Je me d\u00e9place dans tous les arrondissements parisiens et en proche banlieue pour m&rsquo;adapter \u00e0 vos contraintes professionnelles.<\/p><p><strong>Dans mon bureau parisien : <\/strong>Paris 15\u00e8me.<\/p><p><strong>Format hybride :<\/strong> Possibilit\u00e9 d&rsquo;alterner s\u00e9ances en pr\u00e9sentiel et \u00e0 distance (visio) selon vos besoins et votre agenda.<\/p>\t\t\t\t\t\t\t\t<\/div>\n\t\t\t\t<\/div>\n\t\t\t\t\t<\/div>\n\t\t\t\t<\/div>\n\t\t<div data-particle_enable=\"false\" data-particle-mobile-disabled=\"false\" class=\"elementor-element elementor-element-eb86759 e-con-full e-flex e-con e-child\" data-id=\"eb86759\" data-element_type=\"container\" data-e-type=\"container\" data-settings=\"{&quot;background_background&quot;:&quot;classic&quot;}\">\n\t\t\t\t<div class=\"elementor-element elementor-element-cacb238 elementor-widget__width-inherit elementor-widget elementor-widget-heading\" data-id=\"cacb238\" data-element_type=\"widget\" data-e-type=\"widget\" data-widget_type=\"heading.default\">\n\t\t\t\t<div class=\"elementor-widget-container\">\n\t\t\t\t\t<h2 class=\"elementor-heading-title elementor-size-default\">D\u00e9roulement du coaching professionnel<\/h2>\t\t\t\t<\/div>\n\t\t\t\t<\/div>\n\t\t\t\t<\/div>\n\t\t<div data-particle_enable=\"false\" data-particle-mobile-disabled=\"false\" class=\"elementor-element elementor-element-94eb6b4 e-con-full e-flex e-con e-child\" data-id=\"94eb6b4\" data-element_type=\"container\" data-e-type=\"container\">\n\t\t<div data-particle_enable=\"false\" data-particle-mobile-disabled=\"false\" class=\"elementor-element elementor-element-e5c40e6 e-con-full e-flex e-con e-child\" data-id=\"e5c40e6\" data-element_type=\"container\" data-e-type=\"container\" data-settings=\"{&quot;background_background&quot;:&quot;classic&quot;}\">\n\t\t\t\t<div class=\"elementor-element elementor-element-a492322 elementor-widget__width-inherit elementor-absolute elementor-widget elementor-widget-heading\" data-id=\"a492322\" data-element_type=\"widget\" data-e-type=\"widget\" data-settings=\"{&quot;_position&quot;:&quot;absolute&quot;}\" data-widget_type=\"heading.default\">\n\t\t\t\t<div class=\"elementor-widget-container\">\n\t\t\t\t\t<span class=\"elementor-heading-title elementor-size-default\">1<\/span>\t\t\t\t<\/div>\n\t\t\t\t<\/div>\n\t\t\t\t<div class=\"elementor-element elementor-element-2ccc60a elementor-widget elementor-widget-text-editor\" data-id=\"2ccc60a\" data-element_type=\"widget\" data-e-type=\"widget\" data-widget_type=\"text-editor.default\">\n\t\t\t\t<div class=\"elementor-widget-container\">\n\t\t\t\t\t\t\t\t\t<p><strong>DIAGNOSTIC &amp; CADRAGE<\/strong><\/p><p><strong>Premier \u00e9change gratuit<\/strong> (30 minutes \u00e0 1h)<br \/>Analyse de votre situation, pr\u00e9sentation de ma m\u00e9thode et validation de notre compatibilit\u00e9.<br \/><strong>D\u00e9finition d&rsquo;objectifs mesurables<\/strong><br \/>Co-construction de votre projet avec indicateurs concrets et planning personnalis\u00e9.<\/p>\t\t\t\t\t\t\t\t<\/div>\n\t\t\t\t<\/div>\n\t\t\t\t<\/div>\n\t\t<div data-particle_enable=\"false\" data-particle-mobile-disabled=\"false\" class=\"elementor-element elementor-element-3d1821c e-flex e-con-boxed e-con e-child\" data-id=\"3d1821c\" data-element_type=\"container\" data-e-type=\"container\" data-settings=\"{&quot;background_background&quot;:&quot;classic&quot;}\">\n\t\t\t\t\t<div class=\"e-con-inner\">\n\t\t\t\t<div class=\"elementor-element elementor-element-39902cf elementor-widget__width-inherit elementor-absolute elementor-widget elementor-widget-heading\" data-id=\"39902cf\" data-element_type=\"widget\" data-e-type=\"widget\" data-settings=\"{&quot;_position&quot;:&quot;absolute&quot;}\" data-widget_type=\"heading.default\">\n\t\t\t\t<div class=\"elementor-widget-container\">\n\t\t\t\t\t<span class=\"elementor-heading-title elementor-size-default\">2<\/span>\t\t\t\t<\/div>\n\t\t\t\t<\/div>\n\t\t\t\t<div class=\"elementor-element elementor-element-369897b elementor-widget elementor-widget-text-editor\" data-id=\"369897b\" data-element_type=\"widget\" data-e-type=\"widget\" data-widget_type=\"text-editor.default\">\n\t\t\t\t<div class=\"elementor-widget-container\">\n\t\t\t\t\t\t\t\t\t<p><strong>ACCOMPAGNEMENT ACTIF<\/strong><\/p><p><strong>S\u00e9ances individuelles r\u00e9guli\u00e8res<\/strong> (1h \u00e0 1h30)<br \/>Rythme adapt\u00e9 \u00e0 vos besoins avec outils pratiques et exercices entre les s\u00e9ances, selon vos besoins.<br \/><strong>Suivi personnalis\u00e9<\/strong><br \/>Ajustements continus selon votre progression et l&rsquo;\u00e9volution de vos enjeux.<\/p>\t\t\t\t\t\t\t\t<\/div>\n\t\t\t\t<\/div>\n\t\t\t\t\t<\/div>\n\t\t\t\t<\/div>\n\t\t<div data-particle_enable=\"false\" data-particle-mobile-disabled=\"false\" class=\"elementor-element elementor-element-d2135e6 e-flex e-con-boxed e-con e-child\" data-id=\"d2135e6\" data-element_type=\"container\" data-e-type=\"container\" data-settings=\"{&quot;background_background&quot;:&quot;classic&quot;}\">\n\t\t\t\t\t<div class=\"e-con-inner\">\n\t\t\t\t<div class=\"elementor-element elementor-element-ccd415c elementor-widget__width-inherit elementor-absolute elementor-widget elementor-widget-heading\" data-id=\"ccd415c\" data-element_type=\"widget\" data-e-type=\"widget\" data-settings=\"{&quot;_position&quot;:&quot;absolute&quot;}\" data-widget_type=\"heading.default\">\n\t\t\t\t<div class=\"elementor-widget-container\">\n\t\t\t\t\t<span class=\"elementor-heading-title elementor-size-default\">3<\/span>\t\t\t\t<\/div>\n\t\t\t\t<\/div>\n\t\t\t\t<div class=\"elementor-element elementor-element-21df023 elementor-widget elementor-widget-text-editor\" data-id=\"21df023\" data-element_type=\"widget\" data-e-type=\"widget\" data-widget_type=\"text-editor.default\">\n\t\t\t\t<div class=\"elementor-widget-container\">\n\t\t\t\t\t\t\t\t\t<p><strong>ANCRAGE &amp; AUTONOMIE<\/strong><\/p><p><strong>Bilan des objectifs atteints<\/strong><br \/>\u00c9valuation concr\u00e8te des r\u00e9sultats et consolidation des nouvelles pratiques.<br \/><strong>Plan d&rsquo;action pour la suite<\/strong><br \/>Strat\u00e9gie d&rsquo;autonomisation et ressources pour poursuivre votre cheminement.<\/p>\t\t\t\t\t\t\t\t<\/div>\n\t\t\t\t<\/div>\n\t\t\t\t\t<\/div>\n\t\t\t\t<\/div>\n\t\t\t\t<\/div>\n\t\t\t\t<\/div>\n\t\t<div data-particle_enable=\"false\" data-particle-mobile-disabled=\"false\" class=\"elementor-element elementor-element-fb5a61b e-con-full e-flex e-con e-child\" data-id=\"fb5a61b\" data-element_type=\"container\" data-e-type=\"container\" data-settings=\"{&quot;background_background&quot;:&quot;classic&quot;}\">\n\t\t\t\t<\/div>\n\t\t\t\t<\/div>\n\t\t<div data-particle_enable=\"false\" data-particle-mobile-disabled=\"false\" class=\"elementor-element elementor-element-d5cb545 e-con-full e-flex e-con e-parent\" data-id=\"d5cb545\" data-element_type=\"container\" data-e-type=\"container\">\n\t\t<div data-particle_enable=\"false\" data-particle-mobile-disabled=\"false\" class=\"elementor-element elementor-element-6cee23d e-con-full e-flex e-con e-child\" data-id=\"6cee23d\" data-element_type=\"container\" data-e-type=\"container\" data-settings=\"{&quot;background_background&quot;:&quot;classic&quot;}\">\n\t\t\t\t<\/div>\n\t\t<div data-particle_enable=\"false\" data-particle-mobile-disabled=\"false\" class=\"elementor-element elementor-element-7e4bf2f e-con-full e-flex e-con e-child\" data-id=\"7e4bf2f\" data-element_type=\"container\" data-e-type=\"container\" data-settings=\"{&quot;background_background&quot;:&quot;classic&quot;}\">\n\t\t\t\t<\/div>\n\t\t\t\t<\/div>\n\t\t<div data-particle_enable=\"false\" data-particle-mobile-disabled=\"false\" class=\"elementor-element elementor-element-ed41493 e-con-full e-flex e-con e-parent\" data-id=\"ed41493\" data-element_type=\"container\" data-e-type=\"container\">\n\t\t<div data-particle_enable=\"false\" data-particle-mobile-disabled=\"false\" class=\"elementor-element elementor-element-2dcf4de e-con-full e-flex e-con e-child\" data-id=\"2dcf4de\" data-element_type=\"container\" data-e-type=\"container\" data-settings=\"{&quot;background_background&quot;:&quot;classic&quot;}\">\n\t\t\t\t<\/div>\n\t\t<div data-particle_enable=\"false\" data-particle-mobile-disabled=\"false\" class=\"elementor-element elementor-element-2ff71cd e-con-full e-flex e-con e-child\" data-id=\"2ff71cd\" data-element_type=\"container\" data-e-type=\"container\" data-settings=\"{&quot;background_background&quot;:&quot;classic&quot;}\">\n\t\t\t\t<div class=\"elementor-element elementor-element-5476399 elementor-absolute elementor-widget elementor-widget-heading\" data-id=\"5476399\" data-element_type=\"widget\" data-e-type=\"widget\" data-settings=\"{&quot;_position&quot;:&quot;absolute&quot;}\" data-widget_type=\"heading.default\">\n\t\t\t\t<div class=\"elementor-widget-container\">\n\t\t\t\t\t<h2 class=\"elementor-heading-title elementor-size-default\">?<\/h2>\t\t\t\t<\/div>\n\t\t\t\t<\/div>\n\t\t\t\t<div class=\"elementor-element elementor-element-4c9ab56 elementor-widget__width-initial elementor-widget elementor-widget-heading\" data-id=\"4c9ab56\" data-element_type=\"widget\" data-e-type=\"widget\" data-widget_type=\"heading.default\">\n\t\t\t\t<div class=\"elementor-widget-container\">\n\t\t\t\t\t<h2 class=\"elementor-heading-title elementor-size-default\">Coaching professionnel dans tout Paris et \u00cele-de-France<\/h2>\t\t\t\t<\/div>\n\t\t\t\t<\/div>\n\t\t\t\t<div class=\"elementor-element elementor-element-15dbb3f elementor-widget elementor-widget-text-editor\" data-id=\"15dbb3f\" data-element_type=\"widget\" data-e-type=\"widget\" data-widget_type=\"text-editor.default\">\n\t\t\t\t<div class=\"elementor-widget-container\">\n\t\t\t\t\t\t\t\t\t<h3>Intervention dans tous les arrondissements parisiens et en proche banlieue<\/h3><p>Que vous soyez situ\u00e9 dans le quartier d&rsquo;affaires de La D\u00e9fense, dans les startups du Sentier (2\u00e8me), les si\u00e8ges sociaux des Champs-\u00c9lys\u00e9es (8\u00e8me), les entreprises de Boulogne-Billancourt ou les bureaux de Neuilly-sur-Seine, je me d\u00e9place pour vous accompagner.<\/p><p>Facilit\u00e9 d&rsquo;acc\u00e8s : Mon bureau \u00e0 La Motte Piquet Grenelle est facilement accessible en m\u00e9tro (ligne 6, 8, 10), bus (ligne 80), avec possibilit\u00e9 de stationnement V\u00e9lib, scooters et voiture.<\/p><p>Adaptation aux contraintes parisiennes : possibilit\u00e9 de s\u00e9ances t\u00f4t le matin ou en fin de journ\u00e9e.<\/p><p>Proximit\u00e9 et r\u00e9activit\u00e9 : R\u00e9ponse rapide \u00e0 vos questions.<\/p>\t\t\t\t\t\t\t\t<\/div>\n\t\t\t\t<\/div>\n\t\t\t\t<\/div>\n\t\t\t\t<\/div>\n\t\t<div data-particle_enable=\"false\" data-particle-mobile-disabled=\"false\" class=\"elementor-element elementor-element-52cf33d e-flex e-con-boxed e-con e-parent\" data-id=\"52cf33d\" data-element_type=\"container\" data-e-type=\"container\" data-settings=\"{&quot;background_background&quot;:&quot;classic&quot;}\">\n\t\t\t\t\t<div class=\"e-con-inner\">\n\t\t<div data-particle_enable=\"false\" data-particle-mobile-disabled=\"false\" class=\"elementor-element elementor-element-a607d33 e-flex e-con-boxed e-con e-child\" data-id=\"a607d33\" data-element_type=\"container\" data-e-type=\"container\">\n\t\t\t\t\t<div class=\"e-con-inner\">\n\t\t<div data-particle_enable=\"false\" data-particle-mobile-disabled=\"false\" class=\"elementor-element elementor-element-40bb64e e-flex e-con-boxed e-con e-child\" data-id=\"40bb64e\" data-element_type=\"container\" data-e-type=\"container\">\n\t\t\t\t\t<div class=\"e-con-inner\">\n\t\t\t\t<div class=\"elementor-element elementor-element-a6d481f elementor-view-default elementor-widget elementor-widget-icon\" data-id=\"a6d481f\" data-element_type=\"widget\" data-e-type=\"widget\" data-widget_type=\"icon.default\">\n\t\t\t\t<div class=\"elementor-widget-container\">\n\t\t\t\t\t\t\t<div class=\"elementor-icon-wrapper\">\n\t\t\t<div class=\"elementor-icon\">\n\t\t\t<i aria-hidden=\"true\" class=\"fas fa-arrow-right\"><\/i>\t\t\t<\/div>\n\t\t<\/div>\n\t\t\t\t\t\t<\/div>\n\t\t\t\t<\/div>\n\t\t\t\t<div class=\"elementor-element elementor-element-069bc8a elementor-widget__width-inherit elementor-widget-mobile__width-initial elementor-widget elementor-widget-heading\" data-id=\"069bc8a\" data-element_type=\"widget\" data-e-type=\"widget\" data-widget_type=\"heading.default\">\n\t\t\t\t<div class=\"elementor-widget-container\">\n\t\t\t\t\t<h2 class=\"elementor-heading-title elementor-size-default\">Pr\u00eats \u00e0 donner un nouvel \u00e9lan \u00e0 votre vie professionnelle ?<\/h2>\t\t\t\t<\/div>\n\t\t\t\t<\/div>\n\t\t\t\t\t<\/div>\n\t\t\t\t<\/div>\n\t\t\t\t<div class=\"elementor-element elementor-element-cc2bbdc elementor-widget__width-initial elementor-widget elementor-widget-text-editor\" data-id=\"cc2bbdc\" data-element_type=\"widget\" data-e-type=\"widget\" data-widget_type=\"text-editor.default\">\n\t\t\t\t<div class=\"elementor-widget-container\">\n\t\t\t\t\t\t\t\t\t<h4>Le moment est venu de passer \u00e0 l&rsquo;action<\/h4><p>Que vous soyez en questionnement sur votre avenir professionnel, en pr\u00e9paration d&rsquo;une prise de poste strat\u00e9gique, ou que vous souhaitiez optimiser l&rsquo;efficacit\u00e9 de vos \u00e9quipes, un accompagnement coaching peut faire la diff\u00e9rence.<\/p>\t\t\t\t\t\t\t\t<\/div>\n\t\t\t\t<\/div>\n\t\t<div data-particle_enable=\"false\" data-particle-mobile-disabled=\"false\" class=\"elementor-element elementor-element-6060260 e-grid e-con-full e-con e-child\" data-id=\"6060260\" data-element_type=\"container\" data-e-type=\"container\">\n\t\t\t\t<div class=\"elementor-element elementor-element-4550d60 elementor-widget__width-initial elementor-icon-list--layout-traditional elementor-list-item-link-full_width elementor-widget elementor-widget-icon-list\" data-id=\"4550d60\" data-element_type=\"widget\" data-e-type=\"widget\" data-widget_type=\"icon-list.default\">\n\t\t\t\t<div class=\"elementor-widget-container\">\n\t\t\t\t\t\t\t<ul class=\"elementor-icon-list-items\">\n\t\t\t\t\t\t\t<li class=\"elementor-icon-list-item\">\n\t\t\t\t\t\t\t\t\t\t\t<span class=\"elementor-icon-list-icon\">\n\t\t\t\t\t\t\t<i aria-hidden=\"true\" class=\"fas fa-check\"><\/i>\t\t\t\t\t\t<\/span>\n\t\t\t\t\t\t\t\t\t\t<span class=\"elementor-icon-list-text\">R\u00e9ponse sous 24h \u00e0 votre demande de rendez-vous<\/span>\n\t\t\t\t\t\t\t\t\t<\/li>\n\t\t\t\t\t\t\t\t<li class=\"elementor-icon-list-item\">\n\t\t\t\t\t\t\t\t\t\t\t<span class=\"elementor-icon-list-icon\">\n\t\t\t\t\t\t\t<i aria-hidden=\"true\" class=\"fas fa-check\"><\/i>\t\t\t\t\t\t<\/span>\n\t\t\t\t\t\t\t\t\t\t<span class=\"elementor-icon-list-text\">Premier rendez-vous sans engagement<\/span>\n\t\t\t\t\t\t\t\t\t<\/li>\n\t\t\t\t\t\t\t\t<li class=\"elementor-icon-list-item\">\n\t\t\t\t\t\t\t\t\t\t\t<span class=\"elementor-icon-list-icon\">\n\t\t\t\t\t\t\t<i aria-hidden=\"true\" class=\"fas fa-check\"><\/i>\t\t\t\t\t\t<\/span>\n\t\t\t\t\t\t\t\t\t\t<span class=\"elementor-icon-list-text\">\u00c9change confidentiel de 30 minutes<\/span>\n\t\t\t\t\t\t\t\t\t<\/li>\n\t\t\t\t\t\t\t\t<li class=\"elementor-icon-list-item\">\n\t\t\t\t\t\t\t\t\t\t\t<span class=\"elementor-icon-list-icon\">\n\t\t\t\t\t\t\t<i aria-hidden=\"true\" class=\"fas fa-check\"><\/i>\t\t\t\t\t\t<\/span>\n\t\t\t\t\t\t\t\t\t\t<span class=\"elementor-icon-list-text\">Analyse personnalis\u00e9e de votre situation<\/span>\n\t\t\t\t\t\t\t\t\t<\/li>\n\t\t\t\t\t\t\t\t<li class=\"elementor-icon-list-item\">\n\t\t\t\t\t\t\t\t\t\t\t<span class=\"elementor-icon-list-icon\">\n\t\t\t\t\t\t\t<i aria-hidden=\"true\" class=\"fas fa-check\"><\/i>\t\t\t\t\t\t<\/span>\n\t\t\t\t\t\t\t\t\t\t<span class=\"elementor-icon-list-text\">Pr\u00e9sentation de la m\u00e9thode d'accompagnement<\/span>\n\t\t\t\t\t\t\t\t\t<\/li>\n\t\t\t\t\t\t<\/ul>\n\t\t\t\t\t\t<\/div>\n\t\t\t\t<\/div>\n\t\t<div data-particle_enable=\"false\" data-particle-mobile-disabled=\"false\" class=\"elementor-element elementor-element-65276b6 e-con-full e-flex e-con e-child\" data-id=\"65276b6\" data-element_type=\"container\" data-e-type=\"container\">\n\t\t\t\t<div class=\"elementor-element elementor-element-c660714 elementor-widget elementor-widget-heading\" data-id=\"c660714\" data-element_type=\"widget\" data-e-type=\"widget\" data-widget_type=\"heading.default\">\n\t\t\t\t<div class=\"elementor-widget-container\">\n\t\t\t\t\t<h4 class=\"elementor-heading-title elementor-size-default\">Contactez-moi d\u00e8s aujourd'hui<\/h4>\t\t\t\t<\/div>\n\t\t\t\t<\/div>\n\t\t\t\t<div class=\"elementor-element elementor-element-612e851 elementor-widget elementor-widget-heading\" data-id=\"612e851\" data-element_type=\"widget\" data-e-type=\"widget\" data-widget_type=\"heading.default\">\n\t\t\t\t<div class=\"elementor-widget-container\">\n\t\t\t\t\t<span class=\"elementor-heading-title elementor-size-default\"><a href=\"tel:+33662502369\">06 62 50 23 69<\/a><\/span>\t\t\t\t<\/div>\n\t\t\t\t<\/div>\n\t\t\t\t<div class=\"elementor-element elementor-element-a5e08ca elementor-widget elementor-widget-heading\" data-id=\"a5e08ca\" data-element_type=\"widget\" data-e-type=\"widget\" data-widget_type=\"heading.default\">\n\t\t\t\t<div class=\"elementor-widget-container\">\n\t\t\t\t\t<span class=\"elementor-heading-title elementor-size-default\"><a href=\"mailto:delphine@djoubert.co\">delphine@djoubert.co<\/a><\/span>\t\t\t\t<\/div>\n\t\t\t\t<\/div>\n\t\t\t\t<\/div>\n\t\t\t\t<div class=\"elementor-element elementor-element-e5b8af0 elementor-align-left elementor-widget__width-auto elementor-widget elementor-widget-button\" data-id=\"e5b8af0\" data-element_type=\"widget\" data-e-type=\"widget\" data-widget_type=\"button.default\">\n\t\t\t\t<div class=\"elementor-widget-container\">\n\t\t\t\t\t\t\t\t\t<div class=\"elementor-button-wrapper\">\n\t\t\t\t\t<a class=\"elementor-button elementor-button-link elementor-size-sm\" href=\"https:\/\/coaching-and-coaching.com\/en\/coaching-international\/management-multiculturel\/\">\n\t\t\t\t\t\t<span class=\"elementor-button-content-wrapper\">\n\t\t\t\t\t\t\t\t\t<span class=\"elementor-button-text\">Posez une question<\/span>\n\t\t\t\t\t<\/span>\n\t\t\t\t\t<\/a>\n\t\t\t\t<\/div>\n\t\t\t\t\t\t\t\t<\/div>\n\t\t\t\t<\/div>\n\t\t\t\t<\/div>\n\t\t\t\t\t<\/div>\n\t\t\t\t<\/div>\n\t\t\t\t\t<\/div>\n\t\t\t\t<\/div>\n\t\t<div data-particle_enable=\"false\" data-particle-mobile-disabled=\"false\" class=\"elementor-element elementor-element-389968e e-con-full e-flex e-con e-parent\" data-id=\"389968e\" data-element_type=\"container\" data-e-type=\"container\">\n\t\t<div data-particle_enable=\"false\" data-particle-mobile-disabled=\"false\" class=\"elementor-element elementor-element-b54e843 e-con-full e-flex e-con e-child\" data-id=\"b54e843\" data-element_type=\"container\" data-e-type=\"container\" data-settings=\"{&quot;background_background&quot;:&quot;classic&quot;}\">\n\t\t\t\t<div class=\"elementor-element elementor-element-2697617 elementor-widget elementor-widget-toggle\" data-id=\"2697617\" data-element_type=\"widget\" data-e-type=\"widget\" data-widget_type=\"toggle.default\">\n\t\t\t\t<div class=\"elementor-widget-container\">\n\t\t\t\t\t\t\t<div class=\"elementor-toggle\">\n\t\t\t\t\t\t\t<div class=\"elementor-toggle-item\">\n\t\t\t\t\t<h3 id=\"elementor-tab-title-4041\" class=\"elementor-tab-title\" data-tab=\"1\" role=\"button\" aria-controls=\"elementor-tab-content-4041\" aria-expanded=\"false\">\n\t\t\t\t\t\t\t\t\t\t\t\t<span class=\"elementor-toggle-icon elementor-toggle-icon-left\" aria-hidden=\"true\">\n\t\t\t\t\t\t\t\t\t\t\t\t\t\t\t<span class=\"elementor-toggle-icon-closed\"><i class=\"fas fa-chevron-right\"><\/i><\/span>\n\t\t\t\t\t\t\t\t<span class=\"elementor-toggle-icon-opened\"><i class=\"elementor-toggle-icon-opened fas fa-chevron-right\"><\/i><\/span>\n\t\t\t\t\t\t\t\t\t\t\t\t\t<\/span>\n\t\t\t\t\t\t\t\t\t\t\t\t<a class=\"elementor-toggle-title\" tabindex=\"0\">Quelle est la dur\u00e9e moyenne d'un accompagnement coaching ?<\/a>\n\t\t\t\t\t<\/h3>\n\n\t\t\t\t\t<div id=\"elementor-tab-content-4041\" class=\"elementor-tab-content elementor-clearfix\" data-tab=\"1\" role=\"region\" aria-labelledby=\"elementor-tab-title-4041\"><p>La dur\u00e9e varie selon vos objectifs et votre situation. Un coaching de prise de poste dure g\u00e9n\u00e9ralement 3 \u00e0 6 mois (6 \u00e0 12 s\u00e9ances), tandis qu&rsquo;un accompagnement de reconversion peut s&rsquo;\u00e9tendre sur 6 \u00e0 12 mois. Nous d\u00e9finissons ensemble la dur\u00e9e optimale lors de notre premier \u00e9change.<\/p><\/div>\n\t\t\t\t<\/div>\n\t\t\t\t\t\t\t<div class=\"elementor-toggle-item\">\n\t\t\t\t\t<h3 id=\"elementor-tab-title-4042\" class=\"elementor-tab-title\" data-tab=\"2\" role=\"button\" aria-controls=\"elementor-tab-content-4042\" aria-expanded=\"false\">\n\t\t\t\t\t\t\t\t\t\t\t\t<span class=\"elementor-toggle-icon elementor-toggle-icon-left\" aria-hidden=\"true\">\n\t\t\t\t\t\t\t\t\t\t\t\t\t\t\t<span class=\"elementor-toggle-icon-closed\"><i class=\"fas fa-chevron-right\"><\/i><\/span>\n\t\t\t\t\t\t\t\t<span class=\"elementor-toggle-icon-opened\"><i class=\"elementor-toggle-icon-opened fas fa-chevron-right\"><\/i><\/span>\n\t\t\t\t\t\t\t\t\t\t\t\t\t<\/span>\n\t\t\t\t\t\t\t\t\t\t\t\t<a class=\"elementor-toggle-title\" tabindex=\"0\">Quel est le co\u00fbt d'un coaching professionnel \u00e0 Paris ?<\/a>\n\t\t\t\t\t<\/h3>\n\n\t\t\t\t\t<div id=\"elementor-tab-content-4042\" class=\"elementor-tab-content elementor-clearfix\" data-tab=\"2\" role=\"region\" aria-labelledby=\"elementor-tab-title-4042\"><p><strong>Pour les particuliers :<\/strong> Coaching individuel \u00e0 partir de 150\u20ac\/heure, selon votre projet d&rsquo;accompagnement.<br \/><strong>Pour les entreprises :<\/strong> Chaque mission fait l&rsquo;objet d&rsquo;un devis personnalis\u00e9. De nombreuses entreprises financent le coaching via le plan de formation ou les OPCO.<\/p><\/div>\n\t\t\t\t<\/div>\n\t\t\t\t\t\t\t<div class=\"elementor-toggle-item\">\n\t\t\t\t\t<h3 id=\"elementor-tab-title-4043\" class=\"elementor-tab-title\" data-tab=\"3\" role=\"button\" aria-controls=\"elementor-tab-content-4043\" aria-expanded=\"false\">\n\t\t\t\t\t\t\t\t\t\t\t\t<span class=\"elementor-toggle-icon elementor-toggle-icon-left\" aria-hidden=\"true\">\n\t\t\t\t\t\t\t\t\t\t\t\t\t\t\t<span class=\"elementor-toggle-icon-closed\"><i class=\"fas fa-chevron-right\"><\/i><\/span>\n\t\t\t\t\t\t\t\t<span class=\"elementor-toggle-icon-opened\"><i class=\"elementor-toggle-icon-opened fas fa-chevron-right\"><\/i><\/span>\n\t\t\t\t\t\t\t\t\t\t\t\t\t<\/span>\n\t\t\t\t\t\t\t\t\t\t\t\t<a class=\"elementor-toggle-title\" tabindex=\"0\">Quelle est la diff\u00e9rence entre coaching et formation ?<\/a>\n\t\t\t\t\t<\/h3>\n\n\t\t\t\t\t<div id=\"elementor-tab-content-4043\" class=\"elementor-tab-content elementor-clearfix\" data-tab=\"3\" role=\"region\" aria-labelledby=\"elementor-tab-title-4043\"><p>La formation transmet des connaissances, le coaching r\u00e9v\u00e8le votre potentiel. En coaching, vous restez expert de votre situation tandis que j&rsquo;apporte une m\u00e9thode et un questionnement pour vous aider \u00e0 trouver vos propres solutions adapt\u00e9es \u00e0 l&rsquo;environnement parisien ou vos besoins de mobilit\u00e9.<\/p><\/div>\n\t\t\t\t<\/div>\n\t\t\t\t\t\t\t<div class=\"elementor-toggle-item\">\n\t\t\t\t\t<h3 id=\"elementor-tab-title-4044\" class=\"elementor-tab-title\" data-tab=\"4\" role=\"button\" aria-controls=\"elementor-tab-content-4044\" aria-expanded=\"false\">\n\t\t\t\t\t\t\t\t\t\t\t\t<span class=\"elementor-toggle-icon elementor-toggle-icon-left\" aria-hidden=\"true\">\n\t\t\t\t\t\t\t\t\t\t\t\t\t\t\t<span class=\"elementor-toggle-icon-closed\"><i class=\"fas fa-chevron-right\"><\/i><\/span>\n\t\t\t\t\t\t\t\t<span class=\"elementor-toggle-icon-opened\"><i class=\"elementor-toggle-icon-opened fas fa-chevron-right\"><\/i><\/span>\n\t\t\t\t\t\t\t\t\t\t\t\t\t<\/span>\n\t\t\t\t\t\t\t\t\t\t\t\t<a class=\"elementor-toggle-title\" tabindex=\"0\">Comment se d\u00e9roule le premier contact ?<\/a>\n\t\t\t\t\t<\/h3>\n\n\t\t\t\t\t<div id=\"elementor-tab-content-4044\" class=\"elementor-tab-content elementor-clearfix\" data-tab=\"4\" role=\"region\" aria-labelledby=\"elementor-tab-title-4044\"><p>Un premier \u00e9change de 30 minutes \u00e0 1h est offert pour analyser votre situation, pr\u00e9senter ma m\u00e9thode et valider notre compatibilit\u00e9 de travail.\u00a0<\/p><\/div>\n\t\t\t\t<\/div>\n\t\t\t\t\t\t\t<div class=\"elementor-toggle-item\">\n\t\t\t\t\t<h3 id=\"elementor-tab-title-4045\" class=\"elementor-tab-title\" data-tab=\"5\" role=\"button\" aria-controls=\"elementor-tab-content-4045\" aria-expanded=\"false\">\n\t\t\t\t\t\t\t\t\t\t\t\t<span class=\"elementor-toggle-icon elementor-toggle-icon-left\" aria-hidden=\"true\">\n\t\t\t\t\t\t\t\t\t\t\t\t\t\t\t<span class=\"elementor-toggle-icon-closed\"><i class=\"fas fa-chevron-right\"><\/i><\/span>\n\t\t\t\t\t\t\t\t<span class=\"elementor-toggle-icon-opened\"><i class=\"elementor-toggle-icon-opened fas fa-chevron-right\"><\/i><\/span>\n\t\t\t\t\t\t\t\t\t\t\t\t\t<\/span>\n\t\t\t\t\t\t\t\t\t\t\t\t<a class=\"elementor-toggle-title\" tabindex=\"0\">Comment prendre rendez-vous ?<\/a>\n\t\t\t\t\t<\/h3>\n\n\t\t\t\t\t<div id=\"elementor-tab-content-4045\" class=\"elementor-tab-content elementor-clearfix\" data-tab=\"5\" role=\"region\" aria-labelledby=\"elementor-tab-title-4045\"><p>Contactez-moi directement par t\u00e9l\u00e9phone au <a href=\"tel:+33662502369\">+33 6 62 50 23 69<\/a>, par email delphine@djoubert.co ou via le formulaire de contact. Je privil\u00e9gie les \u00e9changes directs pour m&rsquo;adapter \u00e0 vos contraintes d&rsquo;agenda.<\/p><\/div>\n\t\t\t\t<\/div>\n\t\t\t\t\t\t\t<div class=\"elementor-toggle-item\">\n\t\t\t\t\t<h3 id=\"elementor-tab-title-4046\" class=\"elementor-tab-title\" data-tab=\"6\" role=\"button\" aria-controls=\"elementor-tab-content-4046\" aria-expanded=\"false\">\n\t\t\t\t\t\t\t\t\t\t\t\t<span class=\"elementor-toggle-icon elementor-toggle-icon-left\" aria-hidden=\"true\">\n\t\t\t\t\t\t\t\t\t\t\t\t\t\t\t<span class=\"elementor-toggle-icon-closed\"><i class=\"fas fa-chevron-right\"><\/i><\/span>\n\t\t\t\t\t\t\t\t<span class=\"elementor-toggle-icon-opened\"><i class=\"elementor-toggle-icon-opened fas fa-chevron-right\"><\/i><\/span>\n\t\t\t\t\t\t\t\t\t\t\t\t\t<\/span>\n\t\t\t\t\t\t\t\t\t\t\t\t<a class=\"elementor-toggle-title\" tabindex=\"0\">Je suis anglophone, proposez-vous du coaching en anglais ?<\/a>\n\t\t\t\t\t<\/h3>\n\n\t\t\t\t\t<div id=\"elementor-tab-content-4046\" class=\"elementor-tab-content elementor-clearfix\" data-tab=\"6\" role=\"region\" aria-labelledby=\"elementor-tab-title-4046\"><p>Oui, je suis <strong>coach professionnelle bilingue certifi\u00e9e<\/strong>. Je coache aussi bien en anglais qu&rsquo;en fran\u00e7ais, pratiquant l&rsquo;anglais quasiment comme ma langue maternelle. Cette expertise linguistique me permet d&rsquo;accompagner efficacement les expatri\u00e9s, les \u00e9quipes internationales et les cadres \u00e9voluant dans un environnement multiculturel parisien.<\/p><p>Yes, I&rsquo;m a certified bilingual coach and speak English almost as fluently as my native French. I regularly support expats and international executives based in Paris.<\/p><\/div>\n\t\t\t\t<\/div>\n\t\t\t\t\t\t\t<div class=\"elementor-toggle-item\">\n\t\t\t\t\t<h3 id=\"elementor-tab-title-4047\" class=\"elementor-tab-title\" data-tab=\"7\" role=\"button\" aria-controls=\"elementor-tab-content-4047\" aria-expanded=\"false\">\n\t\t\t\t\t\t\t\t\t\t\t\t<span class=\"elementor-toggle-icon elementor-toggle-icon-left\" aria-hidden=\"true\">\n\t\t\t\t\t\t\t\t\t\t\t\t\t\t\t<span class=\"elementor-toggle-icon-closed\"><i class=\"fas fa-chevron-right\"><\/i><\/span>\n\t\t\t\t\t\t\t\t<span class=\"elementor-toggle-icon-opened\"><i class=\"elementor-toggle-icon-opened fas fa-chevron-right\"><\/i><\/span>\n\t\t\t\t\t\t\t\t\t\t\t\t\t<\/span>\n\t\t\t\t\t\t\t\t\t\t\t\t<a class=\"elementor-toggle-title\" tabindex=\"0\">Le coaching se fait-il uniquement en pr\u00e9sentiel ?<\/a>\n\t\t\t\t\t<\/h3>\n\n\t\t\t\t\t<div id=\"elementor-tab-content-4047\" class=\"elementor-tab-content elementor-clearfix\" data-tab=\"7\" role=\"region\" aria-labelledby=\"elementor-tab-title-4047\"><p>Je propose diff\u00e9rentes modalit\u00e9s adapt\u00e9es \u00e0 vos contraintes : pr\u00e9sentiel \u00e0 Paris ou en visioconf\u00e9rence. Avec mes clients \u00e9voluant dans diff\u00e9rents fuseaux horaires, j&rsquo;ai d\u00e9velopp\u00e9 une expertise de l&rsquo;accompagnement \u00e0 distance tout aussi efficace que le pr\u00e9sentiel.<\/p><\/div>\n\t\t\t\t<\/div>\n\t\t\t\t\t\t\t\t\t\t<script type=\"application\/ld+json\">{\"@context\":\"https:\\\/\\\/schema.org\",\"@type\":\"FAQPage\",\"mainEntity\":[{\"@type\":\"Question\",\"name\":\"Quelle est la dur\\u00e9e moyenne d'un accompagnement coaching ?\",\"acceptedAnswer\":{\"@type\":\"Answer\",\"text\":\"<p>La dur\\u00e9e varie selon vos objectifs et votre situation. Un coaching de prise de poste dure g\\u00e9n\\u00e9ralement 3 \\u00e0 6 mois (6 \\u00e0 12 s\\u00e9ances), tandis qu&rsquo;un accompagnement de reconversion peut s&rsquo;\\u00e9tendre sur 6 \\u00e0 12 mois. Nous d\\u00e9finissons ensemble la dur\\u00e9e optimale lors de notre premier \\u00e9change.<\\\/p>\"}},{\"@type\":\"Question\",\"name\":\"Quel est le co\\u00fbt d'un coaching professionnel \\u00e0 Paris ?\",\"acceptedAnswer\":{\"@type\":\"Answer\",\"text\":\"<p><strong>Pour les particuliers :<\\\/strong> Coaching individuel \\u00e0 partir de 150\\u20ac\\\/heure, selon votre projet d&rsquo;accompagnement.<br \\\/><strong>Pour les entreprises :<\\\/strong> Chaque mission fait l&rsquo;objet d&rsquo;un devis personnalis\\u00e9. De nombreuses entreprises financent le coaching via le plan de formation ou les OPCO.<\\\/p>\"}},{\"@type\":\"Question\",\"name\":\"Quelle est la diff\\u00e9rence entre coaching et formation ?\",\"acceptedAnswer\":{\"@type\":\"Answer\",\"text\":\"<p>La formation transmet des connaissances, le coaching r\\u00e9v\\u00e8le votre potentiel. En coaching, vous restez expert de votre situation tandis que j&rsquo;apporte une m\\u00e9thode et un questionnement pour vous aider \\u00e0 trouver vos propres solutions adapt\\u00e9es \\u00e0 l&rsquo;environnement parisien ou vos besoins de mobilit\\u00e9.<\\\/p>\"}},{\"@type\":\"Question\",\"name\":\"Comment se d\\u00e9roule le premier contact ?\",\"acceptedAnswer\":{\"@type\":\"Answer\",\"text\":\"<p>Un premier \\u00e9change de 30 minutes \\u00e0 1h est offert pour analyser votre situation, pr\\u00e9senter ma m\\u00e9thode et valider notre compatibilit\\u00e9 de travail.\\u00a0<\\\/p>\"}},{\"@type\":\"Question\",\"name\":\"Comment prendre rendez-vous ?\",\"acceptedAnswer\":{\"@type\":\"Answer\",\"text\":\"<p>Contactez-moi directement par t\\u00e9l\\u00e9phone au <a href=\\\"tel:+33662502369\\\">+33 6 62 50 23 69<\\\/a>, par email delphine@djoubert.co ou via le formulaire de contact. Je privil\\u00e9gie les \\u00e9changes directs pour m&rsquo;adapter \\u00e0 vos contraintes d&rsquo;agenda.<\\\/p>\"}},{\"@type\":\"Question\",\"name\":\"Je suis anglophone, proposez-vous du coaching en anglais ?\",\"acceptedAnswer\":{\"@type\":\"Answer\",\"text\":\"<p>Oui, je suis <strong>coach professionnelle bilingue certifi\\u00e9e<\\\/strong>. Je coache aussi bien en anglais qu&rsquo;en fran\\u00e7ais, pratiquant l&rsquo;anglais quasiment comme ma langue maternelle. Cette expertise linguistique me permet d&rsquo;accompagner efficacement les expatri\\u00e9s, les \\u00e9quipes internationales et les cadres \\u00e9voluant dans un environnement multiculturel parisien.<\\\/p><p>Yes, I&rsquo;m a certified bilingual coach and speak English almost as fluently as my native French. I regularly support expats and international executives based in Paris.<\\\/p>\"}},{\"@type\":\"Question\",\"name\":\"Le coaching se fait-il uniquement en pr\\u00e9sentiel ?\",\"acceptedAnswer\":{\"@type\":\"Answer\",\"text\":\"<p>Je propose diff\\u00e9rentes modalit\\u00e9s adapt\\u00e9es \\u00e0 vos contraintes : pr\\u00e9sentiel \\u00e0 Paris ou en visioconf\\u00e9rence. Avec mes clients \\u00e9voluant dans diff\\u00e9rents fuseaux horaires, j&rsquo;ai d\\u00e9velopp\\u00e9 une expertise de l&rsquo;accompagnement \\u00e0 distance tout aussi efficace que le pr\\u00e9sentiel.<\\\/p>\"}}]}<\/script>\n\t\t\t\t\t<\/div>\n\t\t\t\t\t\t<\/div>\n\t\t\t\t<\/div>\n\t\t\t\t<\/div>\n\t\t<div data-particle_enable=\"false\" data-particle-mobile-disabled=\"false\" class=\"elementor-element elementor-element-c60e8c0 e-con-full e-flex e-con e-child\" data-id=\"c60e8c0\" data-element_type=\"container\" data-e-type=\"container\" data-settings=\"{&quot;background_background&quot;:&quot;classic&quot;}\">\n\t\t\t\t<div class=\"elementor-element elementor-element-26a8c2b elementor-widget__width-initial elementor-widget elementor-widget-heading\" data-id=\"26a8c2b\" data-element_type=\"widget\" data-e-type=\"widget\" data-widget_type=\"heading.default\">\n\t\t\t\t<div class=\"elementor-widget-container\">\n\t\t\t\t\t<h2 class=\"elementor-heading-title elementor-size-default\">Questions fr\u00e9quentes sur le coaching professionnel \u00e0 Paris Ile de France<\/h2>\t\t\t\t<\/div>\n\t\t\t\t<\/div>\n\t\t\t\t<div class=\"elementor-element elementor-element-ec1e427 elementor-absolute elementor-widget elementor-widget-heading\" data-id=\"ec1e427\" data-element_type=\"widget\" data-e-type=\"widget\" data-settings=\"{&quot;_position&quot;:&quot;absolute&quot;}\" data-widget_type=\"heading.default\">\n\t\t\t\t<div class=\"elementor-widget-container\">\n\t\t\t\t\t<h2 class=\"elementor-heading-title elementor-size-default\">?<\/h2>\t\t\t\t<\/div>\n\t\t\t\t<\/div>\n\t\t\t\t<\/div>\n\t\t\t\t<\/div>\n\t\t\t\t<\/div>\n\t\t","protected":false},"excerpt":{"rendered":"<p>Transformez vos d\u00e9fis professionnels parisiens en opportunit\u00e9s de d\u00e9veloppement. \u00a0 Coaching individuel et d&rsquo;\u00e9quipe pour cadres et dirigeants \u2022 Certifi\u00e9e RNCP &amp; ICF Premier \u00e9change offert Les d\u00e9fis sp\u00e9cifiques des cadres parisiens Exercer des responsabilit\u00e9s \u00e0 Paris pr\u00e9sente des enjeux uniques qui n\u00e9cessitent un accompagnement adapt\u00e9. Environnement ultra-comp\u00e9titif La densit\u00e9 du tissu \u00e9conomique parisien g\u00e9n\u00e8re [&hellip;]<\/p>\n","protected":false},"author":5,"featured_media":0,"parent":0,"menu_order":0,"comment_status":"closed","ping_status":"closed","template":"","meta":{"_acf_changed":false,"footnotes":""},"class_list":["post-4496","page","type-page","status-publish","hentry"],"acf":[],"_links":{"self":[{"href":"https:\/\/coaching-and-coaching.com\/en\/wp-json\/wp\/v2\/pages\/4496","targetHints":{"allow":["GET"]}}],"collection":[{"href":"https:\/\/coaching-and-coaching.com\/en\/wp-json\/wp\/v2\/pages"}],"about":[{"href":"https:\/\/coaching-and-coaching.com\/en\/wp-json\/wp\/v2\/types\/page"}],"author":[{"embeddable":true,"href":"https:\/\/coaching-and-coaching.com\/en\/wp-json\/wp\/v2\/users\/5"}],"replies":[{"embeddable":true,"href":"https:\/\/coaching-and-coaching.com\/en\/wp-json\/wp\/v2\/comments?post=4496"}],"version-history":[{"count":107,"href":"https:\/\/coaching-and-coaching.com\/en\/wp-json\/wp\/v2\/pages\/4496\/revisions"}],"predecessor-version":[{"id":4711,"href":"https:\/\/coaching-and-coaching.com\/en\/wp-json\/wp\/v2\/pages\/4496\/revisions\/4711"}],"wp:attachment":[{"href":"https:\/\/coaching-and-coaching.com\/en\/wp-json\/wp\/v2\/media?parent=4496"}],"curies":[{"name":"wp","href":"https:\/\/api.w.org\/{rel}","templated":true}]}}