{"id":2486,"date":"2023-07-25T10:04:20","date_gmt":"2023-07-25T08:04:20","guid":{"rendered":"https:\/\/coaching-and-coaching.com\/?page_id=2486"},"modified":"2023-12-22T17:33:42","modified_gmt":"2023-12-22T16:33:42","slug":"team-coaching","status":"publish","type":"page","link":"https:\/\/coaching-and-coaching.com\/en\/coaching-collectif\/","title":{"rendered":"Team coaching"},"content":{"rendered":"\t\t<div data-elementor-type=\"wp-page\" data-elementor-id=\"2486\" class=\"elementor elementor-2486\" data-elementor-post-type=\"page\">\n\t\t\t\t<div data-particle_enable=\"false\" data-particle-mobile-disabled=\"false true\" class=\"elementor-element elementor-element-4d994aa e-con-full e-flex e-con e-parent\" data-id=\"4d994aa\" data-element_type=\"container\" data-e-type=\"container\" data-settings=\"{&quot;background_background&quot;:&quot;classic&quot;}\">\n\t\t\t\t<div class=\"elementor-element elementor-element-782b967 elementor-widget__width-initial elementor-widget elementor-widget-heading\" data-id=\"782b967\" data-element_type=\"widget\" data-e-type=\"widget\" data-widget_type=\"heading.default\">\n\t\t\t\t<div class=\"elementor-widget-container\">\n\t\t\t\t\t<h1 class=\"elementor-heading-title elementor-size-default\">Le coaching collectif<br> selon Coaching &amp; Coaching<\/h1>\t\t\t\t<\/div>\n\t\t\t\t<\/div>\n\t\t\t\t<\/div>\n\t\t<div data-particle_enable=\"false\" data-particle-mobile-disabled=\"false\" class=\"elementor-element elementor-element-062e585 e-flex e-con-boxed e-con e-parent\" data-id=\"062e585\" data-element_type=\"container\" data-e-type=\"container\" data-settings=\"{&quot;background_background&quot;:&quot;classic&quot;}\">\n\t\t\t\t\t<div class=\"e-con-inner\">\n\t\t\t\t<div class=\"elementor-element elementor-element-02d17d3 elementor-widget__width-initial elementor-widget elementor-widget-text-editor\" data-id=\"02d17d3\" data-element_type=\"widget\" data-e-type=\"widget\" data-widget_type=\"text-editor.default\">\n\t\t\t\t<div class=\"elementor-widget-container\">\n\t\t\t\t\t\t\t\t\t<p>Le but d\u2019un accompagnement collectif est de <strong>renforcer ou de recr\u00e9er du lien<\/strong> entre l\u2019entreprise, les \u00e9quipes et chacun des collaborateurs, avec des espaces de parole et d\u2019actions collectives.<\/p><ul><li>Je travaille dans une d\u00e9marche de <strong>construction en commun, en respectant le r\u00f4le de chacun<\/strong><\/li><li>Je tiens compte <strong>des \u00ab n\u0153uds \u00bb qui existent \u00e0 chaque niveau<\/strong><\/li><li>Je travaille \u00e0 partir <strong>des enjeux \u00e9conomiques, organisationnels et culturels<\/strong> sp\u00e9cifiques \u00e0 chaque entreprise<\/li><li>Je m\u2019appuie sur les ressources existantes et les actions d\u00e9j\u00e0 men\u00e9es pour aider les \u00e9quipes \u00e0 mieux <strong>s\u2019ajuster dans la dur\u00e9e aux \u00e9volutions de la strat\u00e9gie de<\/strong><br \/><strong>l\u2019entreprise<\/strong><\/li><\/ul>\t\t\t\t\t\t\t\t<\/div>\n\t\t\t\t<\/div>\n\t\t\t\t\t<\/div>\n\t\t\t\t<\/div>\n\t\t<div data-particle_enable=\"false\" data-particle-mobile-disabled=\"false\" class=\"elementor-element elementor-element-2b23bcd e-flex e-con-boxed e-con e-parent\" data-id=\"2b23bcd\" data-element_type=\"container\" data-e-type=\"container\" data-settings=\"{&quot;background_background&quot;:&quot;classic&quot;}\">\n\t\t\t\t\t<div class=\"e-con-inner\">\n\t\t<div data-particle_enable=\"false\" data-particle-mobile-disabled=\"false\" class=\"elementor-element elementor-element-0b8c2d8 e-con-full e-flex e-con e-child\" data-id=\"0b8c2d8\" data-element_type=\"container\" data-e-type=\"container\">\n\t\t\t\t<div class=\"elementor-element elementor-element-0857177 elementor-widget elementor-widget-heading\" data-id=\"0857177\" data-element_type=\"widget\" data-e-type=\"widget\" data-widget_type=\"heading.default\">\n\t\t\t\t<div class=\"elementor-widget-container\">\n\t\t\t\t\t<h2 class=\"elementor-heading-title elementor-size-default\">Coaching d\u2019\u00e9quipe<\/h2>\t\t\t\t<\/div>\n\t\t\t\t<\/div>\n\t\t\t\t<div class=\"elementor-element elementor-element-2767724 elementor-widget__width-initial elementor-widget-divider--view-line elementor-widget elementor-widget-divider\" data-id=\"2767724\" data-element_type=\"widget\" data-e-type=\"widget\" data-widget_type=\"divider.default\">\n\t\t\t\t<div class=\"elementor-widget-container\">\n\t\t\t\t\t\t\t<div class=\"elementor-divider\">\n\t\t\t<span class=\"elementor-divider-separator\">\n\t\t\t\t\t\t<\/span>\n\t\t<\/div>\n\t\t\t\t\t\t<\/div>\n\t\t\t\t<\/div>\n\t\t<div data-particle_enable=\"false\" data-particle-mobile-disabled=\"false\" class=\"elementor-element elementor-element-f9d0fba e-flex e-con-boxed e-con e-child\" data-id=\"f9d0fba\" data-element_type=\"container\" data-e-type=\"container\">\n\t\t\t\t\t<div class=\"e-con-inner\">\n\t\t<div data-particle_enable=\"false\" data-particle-mobile-disabled=\"false\" class=\"elementor-element elementor-element-2a9459e e-con-full e-flex e-con e-child\" data-id=\"2a9459e\" data-element_type=\"container\" data-e-type=\"container\" data-settings=\"{&quot;background_background&quot;:&quot;classic&quot;}\">\n\t\t\t\t<div class=\"elementor-element elementor-element-23e08de elementor-widget elementor-widget-heading\" data-id=\"23e08de\" data-element_type=\"widget\" data-e-type=\"widget\" data-widget_type=\"heading.default\">\n\t\t\t\t<div class=\"elementor-widget-container\">\n\t\t\t\t\t<h2 class=\"elementor-heading-title elementor-size-default\"><a href=\"https:\/\/coaching-and-coaching.com\/en\/coaching-collectif\/coaching-dequipe\/\">Adh\u00e9sion au changement<\/a><\/h2>\t\t\t\t<\/div>\n\t\t\t\t<\/div>\n\t\t<div data-particle_enable=\"false\" data-particle-mobile-disabled=\"false\" class=\"elementor-element elementor-element-4be5d68 e-flex e-con-boxed e-con e-child\" data-id=\"4be5d68\" data-element_type=\"container\" data-e-type=\"container\" data-settings=\"{&quot;background_background&quot;:&quot;classic&quot;}\">\n\t\t\t\t\t<div class=\"e-con-inner\">\n\t\t\t\t<div class=\"elementor-element elementor-element-2795489 elementor-view-default elementor-widget elementor-widget-icon\" data-id=\"2795489\" data-element_type=\"widget\" data-e-type=\"widget\" data-widget_type=\"icon.default\">\n\t\t\t\t<div class=\"elementor-widget-container\">\n\t\t\t\t\t\t\t<div class=\"elementor-icon-wrapper\">\n\t\t\t<div class=\"elementor-icon\">\n\t\t\t<i aria-hidden=\"true\" class=\"fas fa-caret-up\"><\/i>\t\t\t<\/div>\n\t\t<\/div>\n\t\t\t\t\t\t<\/div>\n\t\t\t\t<\/div>\n\t\t\t\t<div class=\"elementor-element elementor-element-6ce76a0 elementor-widget elementor-widget-heading\" data-id=\"6ce76a0\" data-element_type=\"widget\" data-e-type=\"widget\" data-widget_type=\"heading.default\">\n\t\t\t\t<div class=\"elementor-widget-container\">\n\t\t\t\t\t<h2 class=\"elementor-heading-title elementor-size-default\">Dynamiques d\u2019\u00e9quipes<\/h2>\t\t\t\t<\/div>\n\t\t\t\t<\/div>\n\t\t\t\t\t<\/div>\n\t\t\t\t<\/div>\n\t\t\t\t<\/div>\n\t\t<div data-particle_enable=\"false\" data-particle-mobile-disabled=\"false\" class=\"elementor-element elementor-element-130780b e-con-full e-flex e-con e-child\" data-id=\"130780b\" data-element_type=\"container\" data-e-type=\"container\" data-settings=\"{&quot;background_background&quot;:&quot;classic&quot;}\">\n\t\t\t\t<div class=\"elementor-element elementor-element-a881b1a elementor-widget elementor-widget-heading\" data-id=\"a881b1a\" data-element_type=\"widget\" data-e-type=\"widget\" data-widget_type=\"heading.default\">\n\t\t\t\t<div class=\"elementor-widget-container\">\n\t\t\t\t\t<h2 class=\"elementor-heading-title elementor-size-default\"><a href=\"https:\/\/coaching-and-coaching.com\/en\/coaching-collectif\/cohesion-dequipe\/\">Coh\u00e9sion d' \u00e9quipe<\/a><\/h2>\t\t\t\t<\/div>\n\t\t\t\t<\/div>\n\t\t<div data-particle_enable=\"false\" data-particle-mobile-disabled=\"false\" class=\"elementor-element elementor-element-8eb6446 e-flex e-con-boxed e-con e-child\" data-id=\"8eb6446\" data-element_type=\"container\" data-e-type=\"container\" data-settings=\"{&quot;background_background&quot;:&quot;classic&quot;}\">\n\t\t\t\t\t<div class=\"e-con-inner\">\n\t\t\t\t<div class=\"elementor-element elementor-element-ba185d3 elementor-view-default elementor-widget elementor-widget-icon\" data-id=\"ba185d3\" data-element_type=\"widget\" data-e-type=\"widget\" data-widget_type=\"icon.default\">\n\t\t\t\t<div class=\"elementor-widget-container\">\n\t\t\t\t\t\t\t<div class=\"elementor-icon-wrapper\">\n\t\t\t<div class=\"elementor-icon\">\n\t\t\t<i aria-hidden=\"true\" class=\"fas fa-caret-up\"><\/i>\t\t\t<\/div>\n\t\t<\/div>\n\t\t\t\t\t\t<\/div>\n\t\t\t\t<\/div>\n\t\t\t\t<div class=\"elementor-element elementor-element-a91d513 elementor-widget elementor-widget-heading\" data-id=\"a91d513\" data-element_type=\"widget\" data-e-type=\"widget\" data-widget_type=\"heading.default\">\n\t\t\t\t<div class=\"elementor-widget-container\">\n\t\t\t\t\t<h2 class=\"elementor-heading-title elementor-size-default\">Dynamiques d\u2019\u00e9quipes<\/h2>\t\t\t\t<\/div>\n\t\t\t\t<\/div>\n\t\t\t\t\t<\/div>\n\t\t\t\t<\/div>\n\t\t\t\t<\/div>\n\t\t\t\t\t<\/div>\n\t\t\t\t<\/div>\n\t\t\t\t<\/div>\n\t\t\t\t\t<\/div>\n\t\t\t\t<\/div>\n\t\t<div data-particle_enable=\"false\" data-particle-mobile-disabled=\"false\" class=\"elementor-element elementor-element-3a2cfbc e-con-full e-flex e-con e-parent\" data-id=\"3a2cfbc\" data-element_type=\"container\" data-e-type=\"container\" data-settings=\"{&quot;background_background&quot;:&quot;classic&quot;}\">\n\t\t<div data-particle_enable=\"false\" data-particle-mobile-disabled=\"false\" class=\"elementor-element elementor-element-1e1d2ed e-con-full e-flex e-con e-child\" data-id=\"1e1d2ed\" data-element_type=\"container\" data-e-type=\"container\" data-settings=\"{&quot;background_background&quot;:&quot;classic&quot;}\">\n\t\t\t\t<div class=\"elementor-element elementor-element-041e26b elementor-widget__width-inherit elementor-widget elementor-widget-heading\" data-id=\"041e26b\" data-element_type=\"widget\" data-e-type=\"widget\" data-widget_type=\"heading.default\">\n\t\t\t\t<div class=\"elementor-widget-container\">\n\t\t\t\t\t<h2 class=\"elementor-heading-title elementor-size-default\">Mes principales interventions en coaching collectif<\/h2>\t\t\t\t<\/div>\n\t\t\t\t<\/div>\n\t\t\t\t<\/div>\n\t\t<div data-particle_enable=\"false\" data-particle-mobile-disabled=\"false\" class=\"elementor-element elementor-element-7bd9c6c e-con-full e-flex e-con e-child\" data-id=\"7bd9c6c\" data-element_type=\"container\" data-e-type=\"container\">\n\t\t<div data-particle_enable=\"false\" data-particle-mobile-disabled=\"false\" class=\"elementor-element elementor-element-a3a9e3b e-con-full e-flex e-con e-child\" data-id=\"a3a9e3b\" data-element_type=\"container\" data-e-type=\"container\" data-settings=\"{&quot;background_background&quot;:&quot;classic&quot;}\">\n\t\t\t\t<div class=\"elementor-element elementor-element-ed5dd06 elementor-widget elementor-widget-text-editor\" data-id=\"ed5dd06\" data-element_type=\"widget\" data-e-type=\"widget\" data-widget_type=\"text-editor.default\">\n\t\t\t\t<div class=\"elementor-widget-container\">\n\t\t\t\t\t\t\t\t\t<h3>Adh\u00e9sion au changement<\/h3><p>J&rsquo;interviens pour <strong>\u00e9valuer l\u00e0 o\u00f9 les \u00e9quipes en sont du changement<\/strong> (juste au bord ou en cours), et identifier <strong>comment transformer les r\u00e9sistances individuelles en dynamique collective de changement<\/strong>, en faisant \u00e9voluer les habitudes.<\/p>\t\t\t\t\t\t\t\t<\/div>\n\t\t\t\t<\/div>\n\t\t\t\t<div class=\"elementor-element elementor-element-e1b22f5 elementor-widget__width-inherit elementor-absolute elementor-widget elementor-widget-heading\" data-id=\"e1b22f5\" data-element_type=\"widget\" data-e-type=\"widget\" data-settings=\"{&quot;_position&quot;:&quot;absolute&quot;}\" data-widget_type=\"heading.default\">\n\t\t\t\t<div class=\"elementor-widget-container\">\n\t\t\t\t\t<span class=\"elementor-heading-title elementor-size-default\">1<\/span>\t\t\t\t<\/div>\n\t\t\t\t<\/div>\n\t\t\t\t<\/div>\n\t\t<div data-particle_enable=\"false\" data-particle-mobile-disabled=\"false\" class=\"elementor-element elementor-element-4a1fc08 e-flex e-con-boxed e-con e-child\" data-id=\"4a1fc08\" data-element_type=\"container\" data-e-type=\"container\" data-settings=\"{&quot;background_background&quot;:&quot;classic&quot;}\">\n\t\t\t\t\t<div class=\"e-con-inner\">\n\t\t\t\t<div class=\"elementor-element elementor-element-53cf85f elementor-widget__width-inherit elementor-absolute elementor-widget elementor-widget-heading\" data-id=\"53cf85f\" data-element_type=\"widget\" data-e-type=\"widget\" data-settings=\"{&quot;_position&quot;:&quot;absolute&quot;}\" data-widget_type=\"heading.default\">\n\t\t\t\t<div class=\"elementor-widget-container\">\n\t\t\t\t\t<span class=\"elementor-heading-title elementor-size-default\">2<\/span>\t\t\t\t<\/div>\n\t\t\t\t<\/div>\n\t\t\t\t<div class=\"elementor-element elementor-element-a85b864 elementor-widget elementor-widget-text-editor\" data-id=\"a85b864\" data-element_type=\"widget\" data-e-type=\"widget\" data-widget_type=\"text-editor.default\">\n\t\t\t\t<div class=\"elementor-widget-container\">\n\t\t\t\t\t\t\t\t\t<h3>Coh\u00e9sion d&rsquo;\u00e9quipe<\/h3><p>J&rsquo;interviens pour construire les <strong>conditions n\u00e9cessaires au renforcement d&rsquo; \u00e9quipe: <\/strong>comment <strong>d\u00e9samorcer les conflits<\/strong> (anciens et nouvellement g\u00e9n\u00e9r\u00e9s dans ce contexte de changement) et <strong>fluidifier la collaboration<\/strong> (en interne et en externe) par l&rsquo;\u00e9change et \u00e0 l&rsquo;entraide professionnelle.<\/p>\t\t\t\t\t\t\t\t<\/div>\n\t\t\t\t<\/div>\n\t\t\t\t\t<\/div>\n\t\t\t\t<\/div>\n\t\t\t\t<\/div>\n\t\t\t\t<\/div>\n\t\t<div data-particle_enable=\"false\" data-particle-mobile-disabled=\"false\" class=\"elementor-element elementor-element-50dc61e e-flex e-con-boxed e-con e-parent\" data-id=\"50dc61e\" data-element_type=\"container\" data-e-type=\"container\" data-settings=\"{&quot;background_background&quot;:&quot;classic&quot;}\">\n\t\t\t\t\t<div class=\"e-con-inner\">\n\t\t<div data-particle_enable=\"false\" data-particle-mobile-disabled=\"false\" class=\"elementor-element elementor-element-118207c e-con-full e-flex e-con e-child\" data-id=\"118207c\" data-element_type=\"container\" data-e-type=\"container\">\n\t\t\t\t<div class=\"elementor-element elementor-element-386c00f elementor-widget elementor-widget-heading\" data-id=\"386c00f\" data-element_type=\"widget\" data-e-type=\"widget\" data-widget_type=\"heading.default\">\n\t\t\t\t<div class=\"elementor-widget-container\">\n\t\t\t\t\t<h2 class=\"elementor-heading-title elementor-size-default\">Comment se passe un coaching collectif avec Coaching &amp; Coaching<\/h2>\t\t\t\t<\/div>\n\t\t\t\t<\/div>\n\t\t\t\t<div class=\"elementor-element elementor-element-d0e95bf elementor-widget__width-initial elementor-widget-divider--view-line elementor-widget elementor-widget-divider\" data-id=\"d0e95bf\" data-element_type=\"widget\" data-e-type=\"widget\" data-widget_type=\"divider.default\">\n\t\t\t\t<div class=\"elementor-widget-container\">\n\t\t\t\t\t\t\t<div class=\"elementor-divider\">\n\t\t\t<span class=\"elementor-divider-separator\">\n\t\t\t\t\t\t<\/span>\n\t\t<\/div>\n\t\t\t\t\t\t<\/div>\n\t\t\t\t<\/div>\n\t\t\t\t<div class=\"elementor-element elementor-element-9c6c6ad elementor-widget elementor-widget-text-editor\" data-id=\"9c6c6ad\" data-element_type=\"widget\" data-e-type=\"widget\" data-widget_type=\"text-editor.default\">\n\t\t\t\t<div class=\"elementor-widget-container\">\n\t\t\t\t\t\t\t\t\t<p><strong>Des ateliers avec les \u00e9quipes<\/strong>, en face-\u00e0-face, en fran\u00e7ais ou en anglais, pour lesquels j&rsquo;interviens avec mes partenaires coachs certifi\u00e9s.<\/p><p>Je propose <strong>un dispositif cibl\u00e9 selon les profils : \u00e9quipes de direction (comit\u00e9 de direction), \u00e9quipes de managers, etc. Il compl\u00e8te d&rsquo;autres transformations en cours<\/strong> dans l&rsquo;organisation, pour en d\u00e9multiplier les effets. Et <strong>je combine<\/strong> le coaching d&rsquo;\u00e9quipe, <strong>quand c&rsquo;est opportun, avec de la facilitation de r\u00e9unions\u00a0et du coaching individuel<\/strong>.<\/p><p><strong>2 possibilit\u00e9s de financement<\/strong><\/p><ul><li>Avec <em>votre budget de formation, gr\u00e2ce \u00e0 ma certification Qualiopi<\/em><\/li><li>Ou directement avec <em>un budget d\u00e9di\u00e9<\/em><\/li><\/ul>\t\t\t\t\t\t\t\t<\/div>\n\t\t\t\t<\/div>\n\t\t\t\t<\/div>\n\t\t<div data-particle_enable=\"false\" data-particle-mobile-disabled=\"false\" class=\"elementor-element elementor-element-fb9a91a e-con-full e-flex e-con e-child\" data-id=\"fb9a91a\" data-element_type=\"container\" data-e-type=\"container\">\n\t\t\t\t<div class=\"elementor-element elementor-element-0fd353e elementor-widget-mobile__width-initial elementor-widget elementor-widget-image\" data-id=\"0fd353e\" data-element_type=\"widget\" data-e-type=\"widget\" data-widget_type=\"image.default\">\n\t\t\t\t<div class=\"elementor-widget-container\">\n\t\t\t\t\t\t\t\t\t\t\t\t\t\t\t<img fetchpriority=\"high\" decoding=\"async\" width=\"559\" height=\"210\" src=\"https:\/\/coaching-and-coaching.com\/wp-content\/uploads\/2023\/07\/collectif.webp\" class=\"attachment-large size-large wp-image-2489\" alt=\"\" srcset=\"https:\/\/coaching-and-coaching.com\/wp-content\/uploads\/2023\/07\/collectif.webp 559w, https:\/\/coaching-and-coaching.com\/wp-content\/uploads\/2023\/07\/collectif-300x113.webp 300w\" sizes=\"(max-width: 559px) 100vw, 559px\" \/>\t\t\t\t\t\t\t\t\t\t\t\t\t\t\t<\/div>\n\t\t\t\t<\/div>\n\t\t\t\t<\/div>\n\t\t\t\t\t<\/div>\n\t\t\t\t<\/div>\n\t\t<div data-particle_enable=\"false\" data-particle-mobile-disabled=\"false\" class=\"elementor-element elementor-element-6de37250 e-con-full e-flex e-con e-parent\" data-id=\"6de37250\" data-element_type=\"container\" data-e-type=\"container\">\n\t\t<div data-particle_enable=\"false\" data-particle-mobile-disabled=\"false\" class=\"elementor-element elementor-element-16bff71 e-con-full e-flex e-con e-child\" data-id=\"16bff71\" data-element_type=\"container\" data-e-type=\"container\" data-settings=\"{&quot;background_background&quot;:&quot;classic&quot;}\">\n\t\t\t\t<div class=\"elementor-element elementor-element-5d7401e5 elementor-widget-mobile__width-initial elementor-widget elementor-widget-toggle\" data-id=\"5d7401e5\" data-element_type=\"widget\" data-e-type=\"widget\" data-widget_type=\"toggle.default\">\n\t\t\t\t<div class=\"elementor-widget-container\">\n\t\t\t\t\t\t\t<div class=\"elementor-toggle\">\n\t\t\t\t\t\t\t<div class=\"elementor-toggle-item\">\n\t\t\t\t\t<h3 id=\"elementor-tab-title-1561\" class=\"elementor-tab-title\" data-tab=\"1\" role=\"button\" aria-controls=\"elementor-tab-content-1561\" aria-expanded=\"false\">\n\t\t\t\t\t\t\t\t\t\t\t\t<span class=\"elementor-toggle-icon elementor-toggle-icon-left\" aria-hidden=\"true\">\n\t\t\t\t\t\t\t\t\t\t\t\t\t\t\t<span class=\"elementor-toggle-icon-closed\"><i class=\"fas fa-chevron-right\"><\/i><\/span>\n\t\t\t\t\t\t\t\t<span class=\"elementor-toggle-icon-opened\"><i class=\"elementor-toggle-icon-opened fas fa-chevron-right\"><\/i><\/span>\n\t\t\t\t\t\t\t\t\t\t\t\t\t<\/span>\n\t\t\t\t\t\t\t\t\t\t\t\t<a class=\"elementor-toggle-title\" tabindex=\"0\">Qu&#39;est-ce qu&#39;un coaching d&#39;\u00e9quipe r\u00e9ussi ?<\/a>\n\t\t\t\t\t<\/h3>\n\n\t\t\t\t\t<div id=\"elementor-tab-content-1561\" class=\"elementor-tab-content elementor-clearfix\" data-tab=\"1\" role=\"region\" aria-labelledby=\"elementor-tab-title-1561\"><p>Un coaching d&rsquo; \u00e9quipe permet, quand il est r\u00e9ussi, \u00e0 une \u00e9quipe de travailler ensemble de mani\u00e8re plus efficace pour atteindre ses objectifs. Cela passe \u00e9videmment par le partage de bonnes pratiques en lien avec les probl\u00e9matiques professionnelles rencontr\u00e9es. Voici quelques caract\u00e9ristiques cl\u00e9s d&rsquo;un coaching d&rsquo;\u00e9quipe r\u00e9ussi :<\/p><ul><li>Un coaching d&rsquo; \u00e9quipe r\u00e9ussi commence par une d\u00e9finition claire des objectifs de l&rsquo;\u00e9quipe. Les objectifs de d\u00e9veloppement doivent \u00eatre sp\u00e9cifiques, mesurables, r\u00e9alisables, pertinents et temporels (SMART). Le coach aide ainsi l&rsquo;\u00e9quipe \u00e0 l&rsquo;identification et \u00e0 la clarification des objectifs pour s&rsquo;assurer que tous les membres de l&rsquo;\u00e9quipe adh\u00e9rent aux objectifs communs, et aux changements qui en r\u00e9sultent.<\/li><li><a href=\"https:\/\/www.studyrama.com\/pro\/efficacite-professionnelle\/developpement-personnel\/coaching\/le-coaching-d-equipe-12180.html\" target=\"_blank\" rel=\"noopener\">Un coaching d&rsquo;\u00e9quipe<\/a> r\u00e9ussi doit inclure une \u00e9valuation honn\u00eate et constructive de la situation actuelle de l&rsquo;\u00e9quipe, des ses modes de fonctionnement et des enjeux collectifs. Le coach d&rsquo; \u00e9quipe doit aider l&rsquo;\u00e9quipe \u00e0 identifier ses forces et ses faiblesses, \u00e0 stimuler une bonne dynamique d&rsquo;\u00e9quipe \/ confiance mutuelle, un sentiment d&rsquo; appartenance et des modes de communication efficace.<\/li><li>Le coach d&rsquo; \u00e9quipe doit aider l&rsquo;\u00e9quipe \u00e0 \u00e9laborer un plan d&rsquo; action concret pour planifier et mettre en \u0153uvre des actions, en d\u00e9taillant les t\u00e2ches, les r\u00e8gles de fonctionnement, les responsabilit\u00e9s et les d\u00e9lais de la feuille de route.<\/li><li>Selon les profils d&rsquo; \u00e9quipe, le d\u00e9veloppement des comp\u00e9tences collectives peut inclure des sessions de formation, des exercices de renforcement de l&rsquo;esprit d&rsquo; \u00e9quipe (team building) et des activit\u00e9s de renforcement de l&rsquo;intelligence collective et de la communication. Un accompagnement individuel peut aussi \u00eatre envisag\u00e9 pour l&rsquo;un des membres de l&rsquo;\u00e9quipe en parall\u00e8le ou \u00e0 l&rsquo;issue de l&rsquo;accompagnement d&rsquo; \u00e9quipe.<\/li><li>Un coaching d&rsquo; \u00e9quipe peut inclure un suivi et une \u00e9valuation r\u00e9guliers de la performance collective. Le coach d&rsquo;\u00e9quipe peut aider l&rsquo;\u00e9quipe \u00e0 mesurer les progr\u00e8s r\u00e9alis\u00e9s selon l&rsquo;atteinte des objectifs communs et \u00e0 identifier les axes d&rsquo; am\u00e9lioration continue et les nouvelles r\u00e9ponses \u00e0 mettre en place \u00e0 l&rsquo;issue des s\u00e9ances de coaching.<\/li><\/ul><ul><li>d&rsquo; am\u00e9lioration continue et les nouvelles r\u00e9ponses \u00e0 mettre en place.<\/li><\/ul><\/div>\n\t\t\t\t<\/div>\n\t\t\t\t\t\t\t<div class=\"elementor-toggle-item\">\n\t\t\t\t\t<h3 id=\"elementor-tab-title-1562\" class=\"elementor-tab-title\" data-tab=\"2\" role=\"button\" aria-controls=\"elementor-tab-content-1562\" aria-expanded=\"false\">\n\t\t\t\t\t\t\t\t\t\t\t\t<span class=\"elementor-toggle-icon elementor-toggle-icon-left\" aria-hidden=\"true\">\n\t\t\t\t\t\t\t\t\t\t\t\t\t\t\t<span class=\"elementor-toggle-icon-closed\"><i class=\"fas fa-chevron-right\"><\/i><\/span>\n\t\t\t\t\t\t\t\t<span class=\"elementor-toggle-icon-opened\"><i class=\"elementor-toggle-icon-opened fas fa-chevron-right\"><\/i><\/span>\n\t\t\t\t\t\t\t\t\t\t\t\t\t<\/span>\n\t\t\t\t\t\t\t\t\t\t\t\t<a class=\"elementor-toggle-title\" tabindex=\"0\">Quels sont les b\u00e9n\u00e9fices d\u2019un accompagnement d\u2019\u00e9quipes en situation de changement ?<\/a>\n\t\t\t\t\t<\/h3>\n\n\t\t\t\t\t<div id=\"elementor-tab-content-1562\" class=\"elementor-tab-content elementor-clearfix\" data-tab=\"2\" role=\"region\" aria-labelledby=\"elementor-tab-title-1562\"><p>Subis ou provoqu\u00e9s, les changements g\u00e9n\u00e8rent incertitude et anxi\u00e9t\u00e9 au sein des \u00e9quipes. Ce type de coaching d&rsquo; entreprise permet de (re)cr\u00e9er une dynamique collective pour agir sur le nouveau futur commun qui est en train de se dessiner, en permettant aux \u00e9quipes de :<\/p><ul><li>Se (re)mobiliser autour d&rsquo;une nouvelle vision, de valeurs communes et d&rsquo;un projet commun<\/li><li>D\u00e9velopper leur coh\u00e9sion et leur co-responsabilit\u00e9 dans la r\u00e9ussite du changement<\/li><li>Am\u00e9liorer l&rsquo;efficacit\u00e9 collective avec de nouvelles pratiques<\/li><li>(Re)d\u00e9velopper leurs relations avec leur environnement (autres entit\u00e9s\u2026)<\/li><\/ul><\/div>\n\t\t\t\t<\/div>\n\t\t\t\t\t\t\t<div class=\"elementor-toggle-item\">\n\t\t\t\t\t<h3 id=\"elementor-tab-title-1563\" class=\"elementor-tab-title\" data-tab=\"3\" role=\"button\" aria-controls=\"elementor-tab-content-1563\" aria-expanded=\"false\">\n\t\t\t\t\t\t\t\t\t\t\t\t<span class=\"elementor-toggle-icon elementor-toggle-icon-left\" aria-hidden=\"true\">\n\t\t\t\t\t\t\t\t\t\t\t\t\t\t\t<span class=\"elementor-toggle-icon-closed\"><i class=\"fas fa-chevron-right\"><\/i><\/span>\n\t\t\t\t\t\t\t\t<span class=\"elementor-toggle-icon-opened\"><i class=\"elementor-toggle-icon-opened fas fa-chevron-right\"><\/i><\/span>\n\t\t\t\t\t\t\t\t\t\t\t\t\t<\/span>\n\t\t\t\t\t\t\t\t\t\t\t\t<a class=\"elementor-toggle-title\" tabindex=\"0\">Quelles sont mes certifications et accr\u00e9ditations de coach professionnelle\u00a0?<\/a>\n\t\t\t\t\t<\/h3>\n\n\t\t\t\t\t<div id=\"elementor-tab-content-1563\" class=\"elementor-tab-content elementor-clearfix\" data-tab=\"3\" role=\"region\" aria-labelledby=\"elementor-tab-title-1563\"><p>J&rsquo;ai suivi deux formations au coaching professionnel individuel et collectif, et je continue chaque ann\u00e9e \u00e0 d\u00e9dier du temps pour continuer \u00e0 d\u00e9velopper ma pratique et ma posture, notamment en coaching syst\u00e9mique.<\/p><p>L&rsquo;ensemble de mon expertise est aujourd&rsquo;hui reconnu en France avec la certification RNCP (R\u00e9pertoire national des certifications professionnelles) et \u00e0 l&rsquo;international avec la certification ICF (<a href=\"https:\/\/coaching-and-coaching.com\/en\/coaching-international\/\">International<\/a> Coaching Federation).<\/p><p>Et depuis le lancement de mon activit\u00e9 de coach professionnel, j&rsquo;ai choisi d&rsquo;\u00eatre supervis\u00e9e par une psychosociologue au cours de s\u00e9ances de supervision r\u00e9guli\u00e8res.<\/p><p>\u00a0<\/p><p>\u00a0<\/p><\/div>\n\t\t\t\t<\/div>\n\t\t\t\t\t\t\t\t\t\t<script type=\"application\/ld+json\">{\"@context\":\"https:\\\/\\\/schema.org\",\"@type\":\"FAQPage\",\"mainEntity\":[{\"@type\":\"Question\",\"name\":\"Qu&#39;est-ce qu&#39;un coaching d&#39;\\u00e9quipe r\\u00e9ussi ?\",\"acceptedAnswer\":{\"@type\":\"Answer\",\"text\":\"<p>Un coaching d&rsquo; \\u00e9quipe permet, quand il est r\\u00e9ussi, \\u00e0 une \\u00e9quipe de travailler ensemble de mani\\u00e8re plus efficace pour atteindre ses objectifs. Cela passe \\u00e9videmment par le partage de bonnes pratiques en lien avec les probl\\u00e9matiques professionnelles rencontr\\u00e9es. Voici quelques caract\\u00e9ristiques cl\\u00e9s d&rsquo;un coaching d&rsquo;\\u00e9quipe r\\u00e9ussi :<\\\/p><ul><li>Un coaching d&rsquo; \\u00e9quipe r\\u00e9ussi commence par une d\\u00e9finition claire des objectifs de l&rsquo;\\u00e9quipe. Les objectifs de d\\u00e9veloppement doivent \\u00eatre sp\\u00e9cifiques, mesurables, r\\u00e9alisables, pertinents et temporels (SMART). Le coach aide ainsi l&rsquo;\\u00e9quipe \\u00e0 l&rsquo;identification et \\u00e0 la clarification des objectifs pour s&rsquo;assurer que tous les membres de l&rsquo;\\u00e9quipe adh\\u00e9rent aux objectifs communs, et aux changements qui en r\\u00e9sultent.<\\\/li><li><a href=\\\"https:\\\/\\\/www.studyrama.com\\\/pro\\\/efficacite-professionnelle\\\/developpement-personnel\\\/coaching\\\/le-coaching-d-equipe-12180.html\\\">Un coaching d&rsquo;\\u00e9quipe<\\\/a> r\\u00e9ussi doit inclure une \\u00e9valuation honn\\u00eate et constructive de la situation actuelle de l&rsquo;\\u00e9quipe, des ses modes de fonctionnement et des enjeux collectifs. Le coach d&rsquo; \\u00e9quipe doit aider l&rsquo;\\u00e9quipe \\u00e0 identifier ses forces et ses faiblesses, \\u00e0 stimuler une bonne dynamique d&rsquo;\\u00e9quipe \\\/ confiance mutuelle, un sentiment d&rsquo; appartenance et des modes de communication efficace.<\\\/li><li>Le coach d&rsquo; \\u00e9quipe doit aider l&rsquo;\\u00e9quipe \\u00e0 \\u00e9laborer un plan d&rsquo; action concret pour planifier et mettre en \\u0153uvre des actions, en d\\u00e9taillant les t\\u00e2ches, les r\\u00e8gles de fonctionnement, les responsabilit\\u00e9s et les d\\u00e9lais de la feuille de route.<\\\/li><li>Selon les profils d&rsquo; \\u00e9quipe, le d\\u00e9veloppement des comp\\u00e9tences collectives peut inclure des sessions de formation, des exercices de renforcement de l&rsquo;esprit d&rsquo; \\u00e9quipe (team building) et des activit\\u00e9s de renforcement de l&rsquo;intelligence collective et de la communication. Un accompagnement individuel peut aussi \\u00eatre envisag\\u00e9 pour l&rsquo;un des membres de l&rsquo;\\u00e9quipe en parall\\u00e8le ou \\u00e0 l&rsquo;issue de l&rsquo;accompagnement d&rsquo; \\u00e9quipe.<\\\/li><li>Un coaching d&rsquo; \\u00e9quipe peut inclure un suivi et une \\u00e9valuation r\\u00e9guliers de la performance collective. Le coach d&rsquo;\\u00e9quipe peut aider l&rsquo;\\u00e9quipe \\u00e0 mesurer les progr\\u00e8s r\\u00e9alis\\u00e9s selon l&rsquo;atteinte des objectifs communs et \\u00e0 identifier les axes d&rsquo; am\\u00e9lioration continue et les nouvelles r\\u00e9ponses \\u00e0 mettre en place \\u00e0 l&rsquo;issue des s\\u00e9ances de coaching.<\\\/li><\\\/ul><ul><li>d&rsquo; am\\u00e9lioration continue et les nouvelles r\\u00e9ponses \\u00e0 mettre en place.<\\\/li><\\\/ul>\"}},{\"@type\":\"Question\",\"name\":\"Quels sont les b\\u00e9n\\u00e9fices d\\u2019un accompagnement d\\u2019\\u00e9quipes en situation de changement ?\",\"acceptedAnswer\":{\"@type\":\"Answer\",\"text\":\"<p>Subis ou provoqu\\u00e9s, les changements g\\u00e9n\\u00e8rent incertitude et anxi\\u00e9t\\u00e9 au sein des \\u00e9quipes. Ce type de coaching d&rsquo; entreprise permet de (re)cr\\u00e9er une dynamique collective pour agir sur le nouveau futur commun qui est en train de se dessiner, en permettant aux \\u00e9quipes de :<\\\/p><ul><li>Se (re)mobiliser autour d&rsquo;une nouvelle vision, de valeurs communes et d&rsquo;un projet commun<\\\/li><li>D\\u00e9velopper leur coh\\u00e9sion et leur co-responsabilit\\u00e9 dans la r\\u00e9ussite du changement<\\\/li><li>Am\\u00e9liorer l&rsquo;efficacit\\u00e9 collective avec de nouvelles pratiques<\\\/li><li>(Re)d\\u00e9velopper leurs relations avec leur environnement (autres entit\\u00e9s\\u2026)<\\\/li><\\\/ul>\"}},{\"@type\":\"Question\",\"name\":\"Quelles sont mes certifications et accr\\u00e9ditations de coach professionnelle\\u00a0?\",\"acceptedAnswer\":{\"@type\":\"Answer\",\"text\":\"<p>J&rsquo;ai suivi deux formations au coaching professionnel individuel et collectif, et je continue chaque ann\\u00e9e \\u00e0 d\\u00e9dier du temps pour continuer \\u00e0 d\\u00e9velopper ma pratique et ma posture, notamment en coaching syst\\u00e9mique.<\\\/p><p>L&rsquo;ensemble de mon expertise est aujourd&rsquo;hui reconnu en France avec la certification RNCP (R\\u00e9pertoire national des certifications professionnelles) et \\u00e0 l&rsquo;international avec la certification ICF (International Coaching Federation).<\\\/p><p>Et depuis le lancement de mon activit\\u00e9 de coach professionnel, j&rsquo;ai choisi d&rsquo;\\u00eatre supervis\\u00e9e par une psychosociologue au cours de s\\u00e9ances de supervision r\\u00e9guli\\u00e8res.<\\\/p><p>\\u00a0<\\\/p><p>\\u00a0<\\\/p>\"}}]}<\/script>\n\t\t\t\t\t<\/div>\n\t\t\t\t\t\t<\/div>\n\t\t\t\t<\/div>\n\t\t\t\t<\/div>\n\t\t<div data-particle_enable=\"false\" data-particle-mobile-disabled=\"false\" class=\"elementor-element elementor-element-18bbe9b0 e-con-full e-flex e-con e-child\" data-id=\"18bbe9b0\" data-element_type=\"container\" data-e-type=\"container\" data-settings=\"{&quot;background_background&quot;:&quot;classic&quot;}\">\n\t\t\t\t<div class=\"elementor-element elementor-element-70714c05 elementor-widget__width-initial elementor-widget elementor-widget-heading\" data-id=\"70714c05\" data-element_type=\"widget\" data-e-type=\"widget\" data-widget_type=\"heading.default\">\n\t\t\t\t<div class=\"elementor-widget-container\">\n\t\t\t\t\t<h2 class=\"elementor-heading-title elementor-size-default\">En savoir plus sur le coaching collectif<\/h2>\t\t\t\t<\/div>\n\t\t\t\t<\/div>\n\t\t\t\t<div class=\"elementor-element elementor-element-4186141b elementor-absolute elementor-widget elementor-widget-heading\" data-id=\"4186141b\" data-element_type=\"widget\" data-e-type=\"widget\" data-settings=\"{&quot;_position&quot;:&quot;absolute&quot;}\" data-widget_type=\"heading.default\">\n\t\t\t\t<div class=\"elementor-widget-container\">\n\t\t\t\t\t<h2 class=\"elementor-heading-title elementor-size-default\">?<\/h2>\t\t\t\t<\/div>\n\t\t\t\t<\/div>\n\t\t\t\t<\/div>\n\t\t\t\t<\/div>\n\t\t\t\t<\/div>\n\t\t","protected":false},"excerpt":{"rendered":"<p>Le coaching collectif selon Coaching &amp; Coaching Le but d\u2019un accompagnement collectif est de renforcer ou de recr\u00e9er du lien entre l\u2019entreprise, les \u00e9quipes et chacun des collaborateurs, avec des espaces de parole et d\u2019actions collectives. Je travaille dans une d\u00e9marche de construction en commun, en respectant le r\u00f4le de chacun Je tiens compte des [&hellip;]<\/p>\n","protected":false},"author":3,"featured_media":0,"parent":0,"menu_order":0,"comment_status":"closed","ping_status":"closed","template":"","meta":{"_acf_changed":false,"footnotes":""},"class_list":["post-2486","page","type-page","status-publish","hentry"],"acf":[],"_links":{"self":[{"href":"https:\/\/coaching-and-coaching.com\/en\/wp-json\/wp\/v2\/pages\/2486","targetHints":{"allow":["GET"]}}],"collection":[{"href":"https:\/\/coaching-and-coaching.com\/en\/wp-json\/wp\/v2\/pages"}],"about":[{"href":"https:\/\/coaching-and-coaching.com\/en\/wp-json\/wp\/v2\/types\/page"}],"author":[{"embeddable":true,"href":"https:\/\/coaching-and-coaching.com\/en\/wp-json\/wp\/v2\/users\/3"}],"replies":[{"embeddable":true,"href":"https:\/\/coaching-and-coaching.com\/en\/wp-json\/wp\/v2\/comments?post=2486"}],"version-history":[{"count":25,"href":"https:\/\/coaching-and-coaching.com\/en\/wp-json\/wp\/v2\/pages\/2486\/revisions"}],"predecessor-version":[{"id":4737,"href":"https:\/\/coaching-and-coaching.com\/en\/wp-json\/wp\/v2\/pages\/2486\/revisions\/4737"}],"wp:attachment":[{"href":"https:\/\/coaching-and-coaching.com\/en\/wp-json\/wp\/v2\/media?parent=2486"}],"curies":[{"name":"wp","href":"https:\/\/api.w.org\/{rel}","templated":true}]}}