{"id":2441,"date":"2023-07-21T18:47:02","date_gmt":"2023-07-21T16:47:02","guid":{"rendered":"https:\/\/coaching-and-coaching.com\/?page_id=2441"},"modified":"2023-11-11T14:14:01","modified_gmt":"2023-11-11T13:14:01","slug":"individual-coaching","status":"publish","type":"page","link":"https:\/\/coaching-and-coaching.com\/en\/coaching-particulier\/","title":{"rendered":"You are an individual"},"content":{"rendered":"\t\t<div data-elementor-type=\"wp-page\" data-elementor-id=\"2441\" class=\"elementor elementor-2441\" data-elementor-post-type=\"page\">\n\t\t\t\t<div data-particle_enable=\"false\" data-particle-mobile-disabled=\"false true\" class=\"elementor-element elementor-element-4d994aa e-con-full e-flex e-con e-parent\" data-id=\"4d994aa\" data-element_type=\"container\" data-e-type=\"container\" data-settings=\"{&quot;background_background&quot;:&quot;classic&quot;}\">\n\t\t\t\t<div class=\"elementor-element elementor-element-782b967 elementor-widget__width-initial elementor-widget elementor-widget-heading\" data-id=\"782b967\" data-element_type=\"widget\" data-e-type=\"widget\" data-widget_type=\"heading.default\">\n\t\t\t\t<div class=\"elementor-widget-container\">\n\t\t\t\t\t<h1 class=\"elementor-heading-title elementor-size-default\">Le coaching particulier <br>selon Coaching &amp; Coaching<\/h1>\t\t\t\t<\/div>\n\t\t\t\t<\/div>\n\t\t\t\t<\/div>\n\t\t<div data-particle_enable=\"false\" data-particle-mobile-disabled=\"false\" class=\"elementor-element elementor-element-062e585 e-flex e-con-boxed e-con e-parent\" data-id=\"062e585\" data-element_type=\"container\" data-e-type=\"container\" data-settings=\"{&quot;background_background&quot;:&quot;classic&quot;}\">\n\t\t\t\t\t<div class=\"e-con-inner\">\n\t\t\t\t<div class=\"elementor-element elementor-element-02d17d3 elementor-widget__width-initial elementor-widget elementor-widget-text-editor\" data-id=\"02d17d3\" data-element_type=\"widget\" data-e-type=\"widget\" data-widget_type=\"text-editor.default\">\n\t\t\t\t<div class=\"elementor-widget-container\">\n\t\t\t\t\t\t\t\t\t<p>Je travaille exclusivement sur des questionnements li\u00e9s au travail, pour favoriser des <strong>changements professionnels p\u00e9rennes<\/strong>.<\/p><p>La principale sp\u00e9cificit\u00e9 d\u2019un coaching aupr\u00e8s de particuliers par rapport au <a href=\"https:\/\/coaching-and-coaching.com\/en\/coach-professionnel-paris\/\">coaching en entreprise<\/a> : <strong>la personne que j\u2019accompagne me sollicite \u00e0 titre personnel<\/strong>, l\u2019entreprise (RH, N+1\u2026) n\u2019intervient \u00e0 aucun moment<\/p>\t\t\t\t\t\t\t\t<\/div>\n\t\t\t\t<\/div>\n\t\t\t\t\t<\/div>\n\t\t\t\t<\/div>\n\t\t<div data-particle_enable=\"false\" data-particle-mobile-disabled=\"false\" class=\"elementor-element elementor-element-50dc61e e-flex e-con-boxed e-con e-parent\" data-id=\"50dc61e\" data-element_type=\"container\" data-e-type=\"container\" data-settings=\"{&quot;background_background&quot;:&quot;classic&quot;}\">\n\t\t\t\t\t<div class=\"e-con-inner\">\n\t\t<div data-particle_enable=\"false\" data-particle-mobile-disabled=\"false\" class=\"elementor-element elementor-element-118207c e-con-full e-flex e-con e-child\" data-id=\"118207c\" data-element_type=\"container\" data-e-type=\"container\">\n\t\t\t\t<div class=\"elementor-element elementor-element-386c00f elementor-widget elementor-widget-heading\" data-id=\"386c00f\" data-element_type=\"widget\" data-e-type=\"widget\" data-widget_type=\"heading.default\">\n\t\t\t\t<div class=\"elementor-widget-container\">\n\t\t\t\t\t<h2 class=\"elementor-heading-title elementor-size-default\">Comment se passe un coaching particulier avec Coaching &amp; Coaching<\/h2>\t\t\t\t<\/div>\n\t\t\t\t<\/div>\n\t\t\t\t<div class=\"elementor-element elementor-element-d0e95bf elementor-widget__width-initial elementor-widget-divider--view-line elementor-widget elementor-widget-divider\" data-id=\"d0e95bf\" data-element_type=\"widget\" data-e-type=\"widget\" data-widget_type=\"divider.default\">\n\t\t\t\t<div class=\"elementor-widget-container\">\n\t\t\t\t\t\t\t<div class=\"elementor-divider\">\n\t\t\t<span class=\"elementor-divider-separator\">\n\t\t\t\t\t\t<\/span>\n\t\t<\/div>\n\t\t\t\t\t\t<\/div>\n\t\t\t\t<\/div>\n\t\t\t\t<div class=\"elementor-element elementor-element-9c6c6ad elementor-widget elementor-widget-text-editor\" data-id=\"9c6c6ad\" data-element_type=\"widget\" data-e-type=\"widget\" data-widget_type=\"text-editor.default\">\n\t\t\t\t<div class=\"elementor-widget-container\">\n\t\t\t\t\t\t\t\t\t<ul><li>Avec <strong>des s\u00e9ances de coaching individuelles<\/strong> en face-\u00e0-face ou \u00e0 distance<\/li><li>Mes clients particuliers financent eux-m\u00eames leur coaching \/ accompagnement. <strong>Je fais uniquement du coaching personnalis\u00e9 \u00ab sur-mesure \u00bb, je ne propose donc pas de \u00ab programme packag\u00e9 \u00bb finan\u00e7able par le CPF.<\/strong><\/li><\/ul>\t\t\t\t\t\t\t\t<\/div>\n\t\t\t\t<\/div>\n\t\t\t\t<\/div>\n\t\t<div data-particle_enable=\"false\" data-particle-mobile-disabled=\"false\" class=\"elementor-element elementor-element-fb9a91a e-con-full e-flex e-con e-child\" data-id=\"fb9a91a\" data-element_type=\"container\" data-e-type=\"container\">\n\t\t\t\t<div class=\"elementor-element elementor-element-0fd353e elementor-widget elementor-widget-image\" data-id=\"0fd353e\" data-element_type=\"widget\" data-e-type=\"widget\" data-widget_type=\"image.default\">\n\t\t\t\t<div class=\"elementor-widget-container\">\n\t\t\t\t\t\t\t\t\t\t\t\t\t\t\t<img fetchpriority=\"high\" decoding=\"async\" width=\"559\" height=\"210\" src=\"https:\/\/coaching-and-coaching.com\/wp-content\/uploads\/2023\/07\/particulier.webp\" class=\"attachment-large size-large wp-image-2443\" alt=\"\" srcset=\"https:\/\/coaching-and-coaching.com\/wp-content\/uploads\/2023\/07\/particulier.webp 559w, https:\/\/coaching-and-coaching.com\/wp-content\/uploads\/2023\/07\/particulier-300x113.webp 300w\" sizes=\"(max-width: 559px) 100vw, 559px\" \/>\t\t\t\t\t\t\t\t\t\t\t\t\t\t\t<\/div>\n\t\t\t\t<\/div>\n\t\t\t\t<\/div>\n\t\t\t\t\t<\/div>\n\t\t\t\t<\/div>\n\t\t<div data-particle_enable=\"false\" data-particle-mobile-disabled=\"false\" class=\"elementor-element elementor-element-cd8d936 e-flex e-con-boxed e-con e-parent\" data-id=\"cd8d936\" data-element_type=\"container\" data-e-type=\"container\" data-settings=\"{&quot;background_background&quot;:&quot;classic&quot;}\">\n\t\t\t\t\t<div class=\"e-con-inner\">\n\t\t\t\t<div class=\"elementor-element elementor-element-6e3ce5a elementor-widget elementor-widget-spacer\" data-id=\"6e3ce5a\" data-element_type=\"widget\" data-e-type=\"widget\" data-widget_type=\"spacer.default\">\n\t\t\t\t<div class=\"elementor-widget-container\">\n\t\t\t\t\t\t\t<div class=\"elementor-spacer\">\n\t\t\t<div class=\"elementor-spacer-inner\"><\/div>\n\t\t<\/div>\n\t\t\t\t\t\t<\/div>\n\t\t\t\t<\/div>\n\t\t\t\t<div class=\"elementor-element elementor-element-26efd10 elementor-widget elementor-widget-heading\" data-id=\"26efd10\" data-element_type=\"widget\" data-e-type=\"widget\" data-widget_type=\"heading.default\">\n\t\t\t\t<div class=\"elementor-widget-container\">\n\t\t\t\t\t<h2 class=\"elementor-heading-title elementor-size-default\">Vous \u00eates un particulier<\/h2>\t\t\t\t<\/div>\n\t\t\t\t<\/div>\n\t\t\t\t<div class=\"elementor-element elementor-element-8f423c8 elementor-widget__width-initial elementor-widget-divider--view-line elementor-widget elementor-widget-divider\" data-id=\"8f423c8\" data-element_type=\"widget\" data-e-type=\"widget\" data-widget_type=\"divider.default\">\n\t\t\t\t<div class=\"elementor-widget-container\">\n\t\t\t\t\t\t\t<div class=\"elementor-divider\">\n\t\t\t<span class=\"elementor-divider-separator\">\n\t\t\t\t\t\t<\/span>\n\t\t<\/div>\n\t\t\t\t\t\t<\/div>\n\t\t\t\t<\/div>\n\t\t\t\t\t<\/div>\n\t\t\t\t<\/div>\n\t\t<div data-particle_enable=\"false\" data-particle-mobile-disabled=\"false\" class=\"elementor-element elementor-element-842b971 e-flex e-con-boxed e-con e-parent\" data-id=\"842b971\" data-element_type=\"container\" data-e-type=\"container\" data-settings=\"{&quot;background_background&quot;:&quot;classic&quot;}\">\n\t\t\t\t\t<div class=\"e-con-inner\">\n\t\t<div data-particle_enable=\"false\" data-particle-mobile-disabled=\"false\" class=\"elementor-element elementor-element-6e245a0 e-con-full e-flex e-con e-child\" data-id=\"6e245a0\" data-element_type=\"container\" data-e-type=\"container\" data-settings=\"{&quot;background_background&quot;:&quot;classic&quot;}\">\n\t\t\t\t<div class=\"elementor-element elementor-element-e44f9c1 elementor-align-center elementor-icon-list--layout-traditional elementor-list-item-link-full_width elementor-widget elementor-widget-icon-list\" data-id=\"e44f9c1\" data-element_type=\"widget\" data-e-type=\"widget\" data-widget_type=\"icon-list.default\">\n\t\t\t\t<div class=\"elementor-widget-container\">\n\t\t\t\t\t\t\t<ul class=\"elementor-icon-list-items\">\n\t\t\t\t\t\t\t<li class=\"elementor-icon-list-item\">\n\t\t\t\t\t\t\t\t\t\t\t<a href=\"https:\/\/coaching-and-coaching.com\/en\/coaching-particulier\/reconversion-professionnelle\/\">\n\n\t\t\t\t\t\t\t\t\t\t\t\t<span class=\"elementor-icon-list-icon\">\n\t\t\t\t\t\t\t<i aria-hidden=\"true\" class=\"fas fa-star\"><\/i>\t\t\t\t\t\t<\/span>\n\t\t\t\t\t\t\t\t\t\t<span class=\"elementor-icon-list-text\">Reconversion professionnelle<\/span>\n\t\t\t\t\t\t\t\t\t\t\t<\/a>\n\t\t\t\t\t\t\t\t\t<\/li>\n\t\t\t\t\t\t<\/ul>\n\t\t\t\t\t\t<\/div>\n\t\t\t\t<\/div>\n\t\t\t\t<\/div>\n\t\t<div data-particle_enable=\"false\" data-particle-mobile-disabled=\"false\" class=\"elementor-element elementor-element-9d1ce62 e-con-full e-flex e-con e-child\" data-id=\"9d1ce62\" data-element_type=\"container\" data-e-type=\"container\" data-settings=\"{&quot;background_background&quot;:&quot;classic&quot;}\">\n\t\t\t\t<div class=\"elementor-element elementor-element-4659b47 elementor-align-center elementor-icon-list--layout-traditional elementor-list-item-link-full_width elementor-widget elementor-widget-icon-list\" data-id=\"4659b47\" data-element_type=\"widget\" data-e-type=\"widget\" data-widget_type=\"icon-list.default\">\n\t\t\t\t<div class=\"elementor-widget-container\">\n\t\t\t\t\t\t\t<ul class=\"elementor-icon-list-items\">\n\t\t\t\t\t\t\t<li class=\"elementor-icon-list-item\">\n\t\t\t\t\t\t\t\t\t\t\t<a href=\"https:\/\/coaching-and-coaching.com\/en\/coaching-particulier\/changer-dentreprise\/\">\n\n\t\t\t\t\t\t\t\t\t\t\t\t<span class=\"elementor-icon-list-icon\">\n\t\t\t\t\t\t\t<i aria-hidden=\"true\" class=\"fas fa-star\"><\/i>\t\t\t\t\t\t<\/span>\n\t\t\t\t\t\t\t\t\t\t<span class=\"elementor-icon-list-text\">Changement d'entreprise<\/span>\n\t\t\t\t\t\t\t\t\t\t\t<\/a>\n\t\t\t\t\t\t\t\t\t<\/li>\n\t\t\t\t\t\t<\/ul>\n\t\t\t\t\t\t<\/div>\n\t\t\t\t<\/div>\n\t\t\t\t<\/div>\n\t\t<div data-particle_enable=\"false\" data-particle-mobile-disabled=\"false\" class=\"elementor-element elementor-element-ed5a266 e-con-full e-flex e-con e-child\" data-id=\"ed5a266\" data-element_type=\"container\" data-e-type=\"container\" data-settings=\"{&quot;background_background&quot;:&quot;classic&quot;}\">\n\t\t\t\t<div class=\"elementor-element elementor-element-acf7c20 elementor-align-center elementor-icon-list--layout-traditional elementor-list-item-link-full_width elementor-widget elementor-widget-icon-list\" data-id=\"acf7c20\" data-element_type=\"widget\" data-e-type=\"widget\" data-widget_type=\"icon-list.default\">\n\t\t\t\t<div class=\"elementor-widget-container\">\n\t\t\t\t\t\t\t<ul class=\"elementor-icon-list-items\">\n\t\t\t\t\t\t\t<li class=\"elementor-icon-list-item\">\n\t\t\t\t\t\t\t\t\t\t\t<a href=\"https:\/\/coaching-and-coaching.com\/en\/coaching-particulier\/changer-de-pays\/\">\n\n\t\t\t\t\t\t\t\t\t\t\t\t<span class=\"elementor-icon-list-icon\">\n\t\t\t\t\t\t\t<i aria-hidden=\"true\" class=\"fas fa-square\"><\/i>\t\t\t\t\t\t<\/span>\n\t\t\t\t\t\t\t\t\t\t<span class=\"elementor-icon-list-text\">Changement de pays<\/span>\n\t\t\t\t\t\t\t\t\t\t\t<\/a>\n\t\t\t\t\t\t\t\t\t<\/li>\n\t\t\t\t\t\t<\/ul>\n\t\t\t\t\t\t<\/div>\n\t\t\t\t<\/div>\n\t\t\t\t<\/div>\n\t\t\t\t\t<\/div>\n\t\t\t\t<\/div>\n\t\t<div data-particle_enable=\"false\" data-particle-mobile-disabled=\"false\" class=\"elementor-element elementor-element-3a2cfbc e-con-full e-flex e-con e-parent\" data-id=\"3a2cfbc\" data-element_type=\"container\" data-e-type=\"container\" data-settings=\"{&quot;background_background&quot;:&quot;classic&quot;}\">\n\t\t<div data-particle_enable=\"false\" data-particle-mobile-disabled=\"false\" class=\"elementor-element elementor-element-1e1d2ed e-con-full e-flex e-con e-child\" data-id=\"1e1d2ed\" data-element_type=\"container\" data-e-type=\"container\" data-settings=\"{&quot;background_background&quot;:&quot;classic&quot;}\">\n\t\t\t\t<div class=\"elementor-element elementor-element-041e26b elementor-widget__width-inherit elementor-widget elementor-widget-heading\" data-id=\"041e26b\" data-element_type=\"widget\" data-e-type=\"widget\" data-widget_type=\"heading.default\">\n\t\t\t\t<div class=\"elementor-widget-container\">\n\t\t\t\t\t<h2 class=\"elementor-heading-title elementor-size-default\">Mes principales interventions de coaching particulier<\/h2>\t\t\t\t<\/div>\n\t\t\t\t<\/div>\n\t\t\t\t<\/div>\n\t\t<div data-particle_enable=\"false\" data-particle-mobile-disabled=\"false\" class=\"elementor-element elementor-element-7bd9c6c e-con-full e-flex e-con e-child\" data-id=\"7bd9c6c\" data-element_type=\"container\" data-e-type=\"container\">\n\t\t<div data-particle_enable=\"false\" data-particle-mobile-disabled=\"false\" class=\"elementor-element elementor-element-a3a9e3b e-con-full e-flex e-con e-child\" data-id=\"a3a9e3b\" data-element_type=\"container\" data-e-type=\"container\" data-settings=\"{&quot;background_background&quot;:&quot;classic&quot;}\">\n\t\t\t\t<div class=\"elementor-element elementor-element-ed5dd06 elementor-widget elementor-widget-text-editor\" data-id=\"ed5dd06\" data-element_type=\"widget\" data-e-type=\"widget\" data-widget_type=\"text-editor.default\">\n\t\t\t\t<div class=\"elementor-widget-container\">\n\t\t\t\t\t\t\t\t\t<h3>Reconversion professionnelle<\/h3><p>J\u2019interviens pour vous aider \u00e0 <strong>d\u00e9finir un nouveau projet professionnel<\/strong> qui <strong>vous ressemble<\/strong> et qui <strong>corresponde au march\u00e9 du travail<\/strong>, et pour <strong>lever les freins \u00e0 la concr\u00e9tisation<\/strong> de votre projet.<\/p>\t\t\t\t\t\t\t\t<\/div>\n\t\t\t\t<\/div>\n\t\t\t\t<div class=\"elementor-element elementor-element-e1b22f5 elementor-widget__width-inherit elementor-absolute elementor-widget elementor-widget-heading\" data-id=\"e1b22f5\" data-element_type=\"widget\" data-e-type=\"widget\" data-settings=\"{&quot;_position&quot;:&quot;absolute&quot;}\" data-widget_type=\"heading.default\">\n\t\t\t\t<div class=\"elementor-widget-container\">\n\t\t\t\t\t<span class=\"elementor-heading-title elementor-size-default\">1<\/span>\t\t\t\t<\/div>\n\t\t\t\t<\/div>\n\t\t\t\t<\/div>\n\t\t<div data-particle_enable=\"false\" data-particle-mobile-disabled=\"false\" class=\"elementor-element elementor-element-4a1fc08 e-flex e-con-boxed e-con e-child\" data-id=\"4a1fc08\" data-element_type=\"container\" data-e-type=\"container\" data-settings=\"{&quot;background_background&quot;:&quot;classic&quot;}\">\n\t\t\t\t\t<div class=\"e-con-inner\">\n\t\t\t\t<div class=\"elementor-element elementor-element-a85b864 elementor-widget elementor-widget-text-editor\" data-id=\"a85b864\" data-element_type=\"widget\" data-e-type=\"widget\" data-widget_type=\"text-editor.default\">\n\t\t\t\t<div class=\"elementor-widget-container\">\n\t\t\t\t\t\t\t\t\t<h3>Changement d\u2019entreprise<\/h3><p>Le coaching vous aidera \u00e0 comprendre <strong>comment marchent le march\u00e9 du travail et les pratiques de recrutement<\/strong> en France, et comment <strong>convaincre plus rapidement votre futur employeur<\/strong> en pr\u00e9sentant mieux la sp\u00e9cificit\u00e9 de votre parcours.<\/p>\t\t\t\t\t\t\t\t<\/div>\n\t\t\t\t<\/div>\n\t\t\t\t<div class=\"elementor-element elementor-element-53cf85f elementor-widget__width-inherit elementor-absolute elementor-widget elementor-widget-heading\" data-id=\"53cf85f\" data-element_type=\"widget\" data-e-type=\"widget\" data-settings=\"{&quot;_position&quot;:&quot;absolute&quot;}\" data-widget_type=\"heading.default\">\n\t\t\t\t<div class=\"elementor-widget-container\">\n\t\t\t\t\t<span class=\"elementor-heading-title elementor-size-default\">2<\/span>\t\t\t\t<\/div>\n\t\t\t\t<\/div>\n\t\t\t\t\t<\/div>\n\t\t\t\t<\/div>\n\t\t<div data-particle_enable=\"false\" data-particle-mobile-disabled=\"false\" class=\"elementor-element elementor-element-81fa5ec e-flex e-con-boxed e-con e-child\" data-id=\"81fa5ec\" data-element_type=\"container\" data-e-type=\"container\" data-settings=\"{&quot;background_background&quot;:&quot;classic&quot;}\">\n\t\t\t\t\t<div class=\"e-con-inner\">\n\t\t\t\t<div class=\"elementor-element elementor-element-74e2139 elementor-widget elementor-widget-text-editor\" data-id=\"74e2139\" data-element_type=\"widget\" data-e-type=\"widget\" data-widget_type=\"text-editor.default\">\n\t\t\t\t<div class=\"elementor-widget-container\">\n\t\t\t\t\t\t\t\t\t<h3>Changement de pays<\/h3><p>J\u2019interviens pour aider \u00e0 explorer <strong>les cons\u00e9quences d\u2019un d\u00e9part sur sa vie personnelle et professionnelle<\/strong>, pour faciliter <strong>l\u2019\u00e9panouissement une fois \u00e0 l\u2019\u00e9tranger<\/strong>, et enfin pr\u00e9parer <strong>la r\u00e9int\u00e9gration en France<\/strong>.<\/p>\t\t\t\t\t\t\t\t<\/div>\n\t\t\t\t<\/div>\n\t\t\t\t<div class=\"elementor-element elementor-element-389d3e1 elementor-widget__width-inherit elementor-absolute elementor-widget elementor-widget-heading\" data-id=\"389d3e1\" data-element_type=\"widget\" data-e-type=\"widget\" data-settings=\"{&quot;_position&quot;:&quot;absolute&quot;}\" data-widget_type=\"heading.default\">\n\t\t\t\t<div class=\"elementor-widget-container\">\n\t\t\t\t\t<span class=\"elementor-heading-title elementor-size-default\">3<\/span>\t\t\t\t<\/div>\n\t\t\t\t<\/div>\n\t\t\t\t\t<\/div>\n\t\t\t\t<\/div>\n\t\t\t\t<\/div>\n\t\t\t\t<\/div>\n\t\t<div data-particle_enable=\"false\" data-particle-mobile-disabled=\"false\" class=\"elementor-element elementor-element-6de37250 e-con-full e-flex e-con e-parent\" data-id=\"6de37250\" data-element_type=\"container\" data-e-type=\"container\">\n\t\t<div data-particle_enable=\"false\" data-particle-mobile-disabled=\"false\" class=\"elementor-element elementor-element-16bff71 e-con-full e-flex e-con e-child\" data-id=\"16bff71\" data-element_type=\"container\" data-e-type=\"container\" data-settings=\"{&quot;background_background&quot;:&quot;classic&quot;}\">\n\t\t\t\t<div class=\"elementor-element elementor-element-5d7401e5 elementor-widget elementor-widget-toggle\" data-id=\"5d7401e5\" data-element_type=\"widget\" data-e-type=\"widget\" data-widget_type=\"toggle.default\">\n\t\t\t\t<div class=\"elementor-widget-container\">\n\t\t\t\t\t\t\t<div class=\"elementor-toggle\">\n\t\t\t\t\t\t\t<div class=\"elementor-toggle-item\">\n\t\t\t\t\t<h3 id=\"elementor-tab-title-1561\" class=\"elementor-tab-title\" data-tab=\"1\" role=\"button\" aria-controls=\"elementor-tab-content-1561\" aria-expanded=\"false\">\n\t\t\t\t\t\t\t\t\t\t\t\t<span class=\"elementor-toggle-icon elementor-toggle-icon-left\" aria-hidden=\"true\">\n\t\t\t\t\t\t\t\t\t\t\t\t\t\t\t<span class=\"elementor-toggle-icon-closed\"><i class=\"fas fa-chevron-right\"><\/i><\/span>\n\t\t\t\t\t\t\t\t<span class=\"elementor-toggle-icon-opened\"><i class=\"elementor-toggle-icon-opened fas fa-chevron-right\"><\/i><\/span>\n\t\t\t\t\t\t\t\t\t\t\t\t\t<\/span>\n\t\t\t\t\t\t\t\t\t\t\t\t<a class=\"elementor-toggle-title\" tabindex=\"0\">Je suis press\u00e9(e), et un coaching, \u00e7a a l\u2019air long\u2026<\/a>\n\t\t\t\t\t<\/h3>\n\n\t\t\t\t\t<div id=\"elementor-tab-content-1561\" class=\"elementor-tab-content elementor-clearfix\" data-tab=\"1\" role=\"region\" aria-labelledby=\"elementor-tab-title-1561\"><p>Oui et non ! Selon son niveau d&rsquo;exp\u00e9rience et de responsabilit\u00e9s, choisir son nouveau positionnement de carri\u00e8re peut se faire en quelques jours ou semaines, une fois le travail de pr\u00e9paration termin\u00e9 et la relation de confiance \u00e9tablie avec la coach. Travailler avec un coach individuel, c&rsquo;est faire un bilan professionnel complet, un projet professionnel approfondi, un v\u00e9ritable projet de transition, avec son plan d&rsquo; action pour bien \u00ab vendre \u00bb son projet. Ce travail de maturation, ce processus de reconversion, n\u00e9cessite du temps et d&rsquo;exp\u00e9rience, je sais que sauter cette \u00e9tape est un risque. Au final, la vraie question, c&rsquo;est plut\u00f4t : combien de temps cela prend, de prendre une bonne d\u00e9cision pour avancer vers de nouvelles exp\u00e9riences, vers sa future activit\u00e9, son futur m\u00e9tier ?<\/p><\/div>\n\t\t\t\t<\/div>\n\t\t\t\t\t\t\t<div class=\"elementor-toggle-item\">\n\t\t\t\t\t<h3 id=\"elementor-tab-title-1562\" class=\"elementor-tab-title\" data-tab=\"2\" role=\"button\" aria-controls=\"elementor-tab-content-1562\" aria-expanded=\"false\">\n\t\t\t\t\t\t\t\t\t\t\t\t<span class=\"elementor-toggle-icon elementor-toggle-icon-left\" aria-hidden=\"true\">\n\t\t\t\t\t\t\t\t\t\t\t\t\t\t\t<span class=\"elementor-toggle-icon-closed\"><i class=\"fas fa-chevron-right\"><\/i><\/span>\n\t\t\t\t\t\t\t\t<span class=\"elementor-toggle-icon-opened\"><i class=\"elementor-toggle-icon-opened fas fa-chevron-right\"><\/i><\/span>\n\t\t\t\t\t\t\t\t\t\t\t\t\t<\/span>\n\t\t\t\t\t\t\t\t\t\t\t\t<a class=\"elementor-toggle-title\" tabindex=\"0\">Quelles sont les diff\u00e9rentes solutions d'accompagnement professionnel ?<\/a>\n\t\t\t\t\t<\/h3>\n\n\t\t\t\t\t<div id=\"elementor-tab-content-1562\" class=\"elementor-tab-content elementor-clearfix\" data-tab=\"2\" role=\"region\" aria-labelledby=\"elementor-tab-title-1562\"><p>Il existe plusieurs solutions d&rsquo;accompagnement professionnel pour aider chacun dans son d\u00e9veloppement professionnel. Voici quelques-unes des solutions de conseil en accompagnement :<\/p><ul><li>Le coaching professionnel avec des coachs dipl\u00f4m\u00e9s : un coaching individuel qui aide \u00e0 d\u00e9velopper les comp\u00e9tences, les aptitudes, les comportements et les attitudes n\u00e9cessaires pour atteindre ses objectifs professionnels au fil des s\u00e9ances. Ce type d&rsquo;accompagnement fonctionne bien si la personne coach\u00e9e est mise en confiance d\u00e8s la 1\u00e8re s\u00e9ance et s&rsquo;y engage volontairement. Un coaching de carri\u00e8re efficace peut inclure une approche psychologique et de d\u00e9veloppement personnel pour limiter les blocages \u00e9ventuels, et ouvrir une nouvelle dimension . Mais ce type d&rsquo;accompagnement n&rsquo;est pas un coaching de vie ou un coaching personnel.<\/li><li>Le bilan de comp\u00e9tences : un accompagnement personnalis\u00e9 individuel permettant de faire un \u00e9tat des lieux de ses comp\u00e9tences, de ses aptitudes, de ses motivations et de ses aspirations professionnelles. Ce bilan complet est souvent une premi\u00e8re \u00e9tape pour commencer \u00e0 d\u00e9finir un projet professionnel coh\u00e9rent \u00e0 partir de ses exp\u00e9riences professionnelles.<\/li><li>La formation professionnelle : des programmes de formation continue (formation technique, formation dipl\u00f4mante, etc..) qui permettent de d\u00e9velopper la maitrise des outils, par exemple des outils de communication, et des comp\u00e9tences sp\u00e9cifiques pour am\u00e9liorer la performance au travail, selon un programme personnalis\u00e9.<\/li><li>L&rsquo;orientation professionnelle : des services d&rsquo;orientation pour aider les personnes \u00e0 identifier les options de carri\u00e8re qui correspondent \u00e0 leurs comp\u00e9tences, leurs int\u00e9r\u00eats et leur projet de vie selon leur exp\u00e9rience professionnelle.<\/li><li>Les groupes de soutien : des groupes de pairs qui partagent des exp\u00e9riences similaires et offrent un soutien mutuel pour r\u00e9soudre des probl\u00e8mes professionnels \u00e0 partir du partage de bonnes pratiques et dans la bonne humeur.<\/li><li>Les programmes de mentorat : des programmes o\u00f9 un mentor exp\u00e9riment\u00e9 guide un mentor\u00e9 moins exp\u00e9riment\u00e9 \u00e0 partir de sa propre exp\u00e9rience pour l&rsquo;aider \u00e0 d\u00e9velopper ses comp\u00e9tences professionnelles.<\/li><li>Les formations en ligne : des formations en ligne propos\u00e9es par des organismes de formation pour d\u00e9velopper des comp\u00e9tences sp\u00e9cifiques \u00e0 son rythme. Il ne s&rsquo;agit pas de coaching \u00e0 distance.<\/li><li>Les \u00e9v\u00e9nements de r\u00e9seautage : des \u00e9v\u00e9nements organis\u00e9s pour permettre aux professionnels de rencontrer d&rsquo;autres professionnels, d&rsquo;\u00e9changer des id\u00e9es et d&rsquo;\u00e9tablir des contacts professionnels.<\/li><\/ul><\/div>\n\t\t\t\t<\/div>\n\t\t\t\t\t\t\t<div class=\"elementor-toggle-item\">\n\t\t\t\t\t<h3 id=\"elementor-tab-title-1563\" class=\"elementor-tab-title\" data-tab=\"3\" role=\"button\" aria-controls=\"elementor-tab-content-1563\" aria-expanded=\"false\">\n\t\t\t\t\t\t\t\t\t\t\t\t<span class=\"elementor-toggle-icon elementor-toggle-icon-left\" aria-hidden=\"true\">\n\t\t\t\t\t\t\t\t\t\t\t\t\t\t\t<span class=\"elementor-toggle-icon-closed\"><i class=\"fas fa-chevron-right\"><\/i><\/span>\n\t\t\t\t\t\t\t\t<span class=\"elementor-toggle-icon-opened\"><i class=\"elementor-toggle-icon-opened fas fa-chevron-right\"><\/i><\/span>\n\t\t\t\t\t\t\t\t\t\t\t\t\t<\/span>\n\t\t\t\t\t\t\t\t\t\t\t\t<a class=\"elementor-toggle-title\" tabindex=\"0\">Qu\u2019est-ce que l\u2019approche syst\u00e9mique apporte dans les contextes de tournants professionnels?<\/a>\n\t\t\t\t\t<\/h3>\n\n\t\t\t\t\t<div id=\"elementor-tab-content-1563\" class=\"elementor-tab-content elementor-clearfix\" data-tab=\"3\" role=\"region\" aria-labelledby=\"elementor-tab-title-1563\"><p>L\u2019approche syst\u00e9mique est centr\u00e9e sur les interactions entre l\u2019individu et son syst\u00e8me. Chaque individu est plac\u00e9 dans un syst\u00e8me d\u2019interactions qu\u2019il interpr\u00e8te selon ses propres r\u00e9f\u00e9rences et repr\u00e9sentations. Cette approche consiste \u00e0 aborder les situations humaines de fa\u00e7on globale comme autant d\u2019interactions au sein du syst\u00e8me \u00ab monde professionnel \u00bb, d\u00e9compos\u00e9 lui-m\u00eame en sous-syst\u00e8mes que sont les organisations, entreprises, etc.<\/p><p>En tant que coach professionnel, on r\u00e9fl\u00e9chit donc au moyen de modifier les modes d&rsquo;interaction au sein de chaque syst\u00e8me et sous-syst\u00e8me. L&rsquo;approche syst\u00e9mique contribue \u00e0 changer la perspective de la personne coach\u00e9e, de porter le regard sur la situation de mani\u00e8re d\u00e9cal\u00e9e. Elle vise \u00e0 construire la solution pas \u00e0 pas au travers d&rsquo;exp\u00e9rimentations, avec des outils de coaching. La solution va \u00eatre ainsi construite progressivement tout au long du processus de coaching au travers du travail de collaboration entre coach et coach et du recours aux outils de la coach.<\/p><\/div>\n\t\t\t\t<\/div>\n\t\t\t\t\t\t\t\t\t\t<script type=\"application\/ld+json\">{\"@context\":\"https:\\\/\\\/schema.org\",\"@type\":\"FAQPage\",\"mainEntity\":[{\"@type\":\"Question\",\"name\":\"Je suis press\\u00e9(e), et un coaching, \\u00e7a a l\\u2019air long\\u2026\",\"acceptedAnswer\":{\"@type\":\"Answer\",\"text\":\"<p>Oui et non ! Selon son niveau d&rsquo;exp\\u00e9rience et de responsabilit\\u00e9s, choisir son nouveau positionnement de carri\\u00e8re peut se faire en quelques jours ou semaines, une fois le travail de pr\\u00e9paration termin\\u00e9 et la relation de confiance \\u00e9tablie avec la coach. Travailler avec un coach individuel, c&rsquo;est faire un bilan professionnel complet, un projet professionnel approfondi, un v\\u00e9ritable projet de transition, avec son plan d&rsquo; action pour bien \\u00ab vendre \\u00bb son projet. Ce travail de maturation, ce processus de reconversion, n\\u00e9cessite du temps et d&rsquo;exp\\u00e9rience, je sais que sauter cette \\u00e9tape est un risque. Au final, la vraie question, c&rsquo;est plut\\u00f4t : combien de temps cela prend, de prendre une bonne d\\u00e9cision pour avancer vers de nouvelles exp\\u00e9riences, vers sa future activit\\u00e9, son futur m\\u00e9tier ?<\\\/p>\"}},{\"@type\":\"Question\",\"name\":\"Quelles sont les diff\\u00e9rentes solutions d'accompagnement professionnel ?\",\"acceptedAnswer\":{\"@type\":\"Answer\",\"text\":\"<p>Il existe plusieurs solutions d&rsquo;accompagnement professionnel pour aider chacun dans son d\\u00e9veloppement professionnel. Voici quelques-unes des solutions de conseil en accompagnement :<\\\/p><ul><li>Le coaching professionnel avec des coachs dipl\\u00f4m\\u00e9s : un coaching individuel qui aide \\u00e0 d\\u00e9velopper les comp\\u00e9tences, les aptitudes, les comportements et les attitudes n\\u00e9cessaires pour atteindre ses objectifs professionnels au fil des s\\u00e9ances. Ce type d&rsquo;accompagnement fonctionne bien si la personne coach\\u00e9e est mise en confiance d\\u00e8s la 1\\u00e8re s\\u00e9ance et s&rsquo;y engage volontairement. Un coaching de carri\\u00e8re efficace peut inclure une approche psychologique et de d\\u00e9veloppement personnel pour limiter les blocages \\u00e9ventuels, et ouvrir une nouvelle dimension . Mais ce type d&rsquo;accompagnement n&rsquo;est pas un coaching de vie ou un coaching personnel.<\\\/li><li>Le bilan de comp\\u00e9tences : un accompagnement personnalis\\u00e9 individuel permettant de faire un \\u00e9tat des lieux de ses comp\\u00e9tences, de ses aptitudes, de ses motivations et de ses aspirations professionnelles. Ce bilan complet est souvent une premi\\u00e8re \\u00e9tape pour commencer \\u00e0 d\\u00e9finir un projet professionnel coh\\u00e9rent \\u00e0 partir de ses exp\\u00e9riences professionnelles.<\\\/li><li>La formation professionnelle : des programmes de formation continue (formation technique, formation dipl\\u00f4mante, etc..) qui permettent de d\\u00e9velopper la maitrise des outils, par exemple des outils de communication, et des comp\\u00e9tences sp\\u00e9cifiques pour am\\u00e9liorer la performance au travail, selon un programme personnalis\\u00e9.<\\\/li><li>L&rsquo;orientation professionnelle : des services d&rsquo;orientation pour aider les personnes \\u00e0 identifier les options de carri\\u00e8re qui correspondent \\u00e0 leurs comp\\u00e9tences, leurs int\\u00e9r\\u00eats et leur projet de vie selon leur exp\\u00e9rience professionnelle.<\\\/li><li>Les groupes de soutien : des groupes de pairs qui partagent des exp\\u00e9riences similaires et offrent un soutien mutuel pour r\\u00e9soudre des probl\\u00e8mes professionnels \\u00e0 partir du partage de bonnes pratiques et dans la bonne humeur.<\\\/li><li>Les programmes de mentorat : des programmes o\\u00f9 un mentor exp\\u00e9riment\\u00e9 guide un mentor\\u00e9 moins exp\\u00e9riment\\u00e9 \\u00e0 partir de sa propre exp\\u00e9rience pour l&rsquo;aider \\u00e0 d\\u00e9velopper ses comp\\u00e9tences professionnelles.<\\\/li><li>Les formations en ligne : des formations en ligne propos\\u00e9es par des organismes de formation pour d\\u00e9velopper des comp\\u00e9tences sp\\u00e9cifiques \\u00e0 son rythme. Il ne s&rsquo;agit pas de coaching \\u00e0 distance.<\\\/li><li>Les \\u00e9v\\u00e9nements de r\\u00e9seautage : des \\u00e9v\\u00e9nements organis\\u00e9s pour permettre aux professionnels de rencontrer d&rsquo;autres professionnels, d&rsquo;\\u00e9changer des id\\u00e9es et d&rsquo;\\u00e9tablir des contacts professionnels.<\\\/li><\\\/ul>\"}},{\"@type\":\"Question\",\"name\":\"Qu\\u2019est-ce que l\\u2019approche syst\\u00e9mique apporte dans les contextes de tournants professionnels?\",\"acceptedAnswer\":{\"@type\":\"Answer\",\"text\":\"<p>L\\u2019approche syst\\u00e9mique est centr\\u00e9e sur les interactions entre l\\u2019individu et son syst\\u00e8me. Chaque individu est plac\\u00e9 dans un syst\\u00e8me d\\u2019interactions qu\\u2019il interpr\\u00e8te selon ses propres r\\u00e9f\\u00e9rences et repr\\u00e9sentations. Cette approche consiste \\u00e0 aborder les situations humaines de fa\\u00e7on globale comme autant d\\u2019interactions au sein du syst\\u00e8me \\u00ab monde professionnel \\u00bb, d\\u00e9compos\\u00e9 lui-m\\u00eame en sous-syst\\u00e8mes que sont les organisations, entreprises, etc.<\\\/p><p>En tant que coach professionnel, on r\\u00e9fl\\u00e9chit donc au moyen de modifier les modes d&rsquo;interaction au sein de chaque syst\\u00e8me et sous-syst\\u00e8me. L&rsquo;approche syst\\u00e9mique contribue \\u00e0 changer la perspective de la personne coach\\u00e9e, de porter le regard sur la situation de mani\\u00e8re d\\u00e9cal\\u00e9e. Elle vise \\u00e0 construire la solution pas \\u00e0 pas au travers d&rsquo;exp\\u00e9rimentations, avec des outils de coaching. La solution va \\u00eatre ainsi construite progressivement tout au long du processus de coaching au travers du travail de collaboration entre coach et coach et du recours aux outils de la coach.<\\\/p>\"}}]}<\/script>\n\t\t\t\t\t<\/div>\n\t\t\t\t\t\t<\/div>\n\t\t\t\t<\/div>\n\t\t\t\t<\/div>\n\t\t<div data-particle_enable=\"false\" data-particle-mobile-disabled=\"false\" class=\"elementor-element elementor-element-18bbe9b0 e-con-full e-flex e-con e-child\" data-id=\"18bbe9b0\" data-element_type=\"container\" data-e-type=\"container\" data-settings=\"{&quot;background_background&quot;:&quot;classic&quot;}\">\n\t\t\t\t<div class=\"elementor-element elementor-element-70714c05 elementor-widget__width-initial elementor-widget elementor-widget-heading\" data-id=\"70714c05\" data-element_type=\"widget\" data-e-type=\"widget\" data-widget_type=\"heading.default\">\n\t\t\t\t<div class=\"elementor-widget-container\">\n\t\t\t\t\t<h2 class=\"elementor-heading-title elementor-size-default\">En savoir plus sur le coaching particulier<\/h2>\t\t\t\t<\/div>\n\t\t\t\t<\/div>\n\t\t\t\t<div class=\"elementor-element elementor-element-4186141b elementor-absolute elementor-widget elementor-widget-heading\" data-id=\"4186141b\" data-element_type=\"widget\" data-e-type=\"widget\" data-settings=\"{&quot;_position&quot;:&quot;absolute&quot;}\" data-widget_type=\"heading.default\">\n\t\t\t\t<div class=\"elementor-widget-container\">\n\t\t\t\t\t<h2 class=\"elementor-heading-title elementor-size-default\">?<\/h2>\t\t\t\t<\/div>\n\t\t\t\t<\/div>\n\t\t\t\t<\/div>\n\t\t\t\t<\/div>\n\t\t\t\t<\/div>\n\t\t","protected":false},"excerpt":{"rendered":"<p>Le coaching particulier selon Coaching &#038; Coaching Je travaille exclusivement sur des questionnements li\u00e9s au travail, pour favoriser des changements professionnels p\u00e9rennes. La principale sp\u00e9cificit\u00e9 d\u2019un coaching aupr\u00e8s de particuliers par rapport au coaching en entreprise : la personne que j\u2019accompagne me sollicite \u00e0 titre personnel, l\u2019entreprise (RH, N+1\u2026) n\u2019intervient \u00e0 aucun moment Comment se [&hellip;]<\/p>\n","protected":false},"author":3,"featured_media":0,"parent":0,"menu_order":0,"comment_status":"closed","ping_status":"closed","template":"","meta":{"_acf_changed":false,"footnotes":""},"class_list":["post-2441","page","type-page","status-publish","hentry"],"acf":[],"_links":{"self":[{"href":"https:\/\/coaching-and-coaching.com\/en\/wp-json\/wp\/v2\/pages\/2441","targetHints":{"allow":["GET"]}}],"collection":[{"href":"https:\/\/coaching-and-coaching.com\/en\/wp-json\/wp\/v2\/pages"}],"about":[{"href":"https:\/\/coaching-and-coaching.com\/en\/wp-json\/wp\/v2\/types\/page"}],"author":[{"embeddable":true,"href":"https:\/\/coaching-and-coaching.com\/en\/wp-json\/wp\/v2\/users\/3"}],"replies":[{"embeddable":true,"href":"https:\/\/coaching-and-coaching.com\/en\/wp-json\/wp\/v2\/comments?post=2441"}],"version-history":[{"count":8,"href":"https:\/\/coaching-and-coaching.com\/en\/wp-json\/wp\/v2\/pages\/2441\/revisions"}],"predecessor-version":[{"id":2964,"href":"https:\/\/coaching-and-coaching.com\/en\/wp-json\/wp\/v2\/pages\/2441\/revisions\/2964"}],"wp:attachment":[{"href":"https:\/\/coaching-and-coaching.com\/en\/wp-json\/wp\/v2\/media?parent=2441"}],"curies":[{"name":"wp","href":"https:\/\/api.w.org\/{rel}","templated":true}]}}